{"id":2464,"date":"2022-10-14T21:49:32","date_gmt":"2022-10-14T20:49:32","guid":{"rendered":"https:\/\/becoolsolutions.be\/be\/?page_id=2464"},"modified":"2026-03-29T10:33:54","modified_gmt":"2026-03-29T09:33:54","slug":"entreprise-frigoriste-agree-chambre-froide-climatisation-frigo-2","status":"publish","type":"page","link":"https:\/\/becoolsolutions.be\/be\/","title":{"rendered":"Entreprise frigoriste agr\u00e9e-Chambre froide-Climatisation-Frigo"},"content":{"rendered":"\t\t<div data-elementor-type=\"wp-page\" data-elementor-id=\"2464\" class=\"elementor elementor-2464\">\n\t\t\t\t\t\t<section class=\"elementor-section elementor-top-section elementor-element elementor-element-3b5616a elementor-section-full_width elementor-section-stretched elementor-section-height-default elementor-section-height-default\" data-id=\"3b5616a\" data-element_type=\"section\" data-e-type=\"section\" data-settings=\"{&quot;stretch_section&quot;:&quot;section-stretched&quot;}\">\n\t\t\t\t\t\t<div class=\"elementor-container elementor-column-gap-default\">\n\t\t\t\t\t<div class=\"elementor-column elementor-col-100 elementor-top-column elementor-element elementor-element-35d8e6d\" data-id=\"35d8e6d\" data-element_type=\"column\" data-e-type=\"column\">\n\t\t\t<div class=\"elementor-widget-wrap elementor-element-populated\">\n\t\t\t\t\t\t<div class=\"elementor-element elementor-element-15530b9 elementor-widget elementor-widget-image\" data-id=\"15530b9\" data-element_type=\"widget\" data-e-type=\"widget\" data-widget_type=\"image.default\">\n\t\t\t\t<div class=\"elementor-widget-container\">\n\t\t\t\t\t\t\t\t\t\t\t\t\t\t\t<img fetchpriority=\"high\" decoding=\"async\" width=\"1000\" height=\"668\" src=\"https:\/\/becoolsolutions.be\/be\/wp-content\/uploads\/2026\/03\/climatisation-frigoriste-bruxelles-installation.jpg-e1777129459722.webp\" class=\"attachment-1536x1536 size-1536x1536 wp-image-3554\" alt=\"Installation climatisation et chambre froide \u00e0 Bruxelles par frigoriste professionnel\" \/>\t\t\t\t\t\t\t\t\t\t\t\t\t\t\t<\/div>\n\t\t\t\t<\/div>\n\t\t\t\t\t<\/div>\n\t\t<\/div>\n\t\t\t\t\t<\/div>\n\t\t<\/section>\n\t\t\t\t<section class=\"elementor-section elementor-top-section elementor-element elementor-element-fc980dd elementor-section-boxed elementor-section-height-default elementor-section-height-default\" data-id=\"fc980dd\" data-element_type=\"section\" data-e-type=\"section\">\n\t\t\t\t\t\t<div class=\"elementor-container elementor-column-gap-default\">\n\t\t\t\t\t<div class=\"elementor-column elementor-col-100 elementor-top-column elementor-element elementor-element-548c234\" data-id=\"548c234\" data-element_type=\"column\" data-e-type=\"column\">\n\t\t\t<div class=\"elementor-widget-wrap elementor-element-populated\">\n\t\t\t\t\t\t<div class=\"elementor-element elementor-element-31ee2ea elementor-widget elementor-widget-heading\" data-id=\"31ee2ea\" data-element_type=\"widget\" data-e-type=\"widget\" data-widget_type=\"heading.default\">\n\t\t\t\t<div class=\"elementor-widget-container\">\n\t\t\t\t\t<h1 class=\"elementor-heading-title elementor-size-large\">\nVOTRE PROFESSIONNEL POUR TOUTES VOS INSTALLATION CHAMBRE FROIDE ET SYST\u00c8ME DE CLIMATISATION POMPE \u00c0 CHALEUR<\/h1>\t\t\t\t<\/div>\n\t\t\t\t<\/div>\n\t\t\t\t\t<\/div>\n\t\t<\/div>\n\t\t\t\t\t<\/div>\n\t\t<\/section>\n\t\t\t\t<section class=\"elementor-section elementor-top-section elementor-element elementor-element-2b55366 elementor-section-boxed elementor-section-height-default elementor-section-height-default\" data-id=\"2b55366\" data-element_type=\"section\" data-e-type=\"section\">\n\t\t\t\t\t\t<div class=\"elementor-container elementor-column-gap-default\">\n\t\t\t\t\t<div class=\"elementor-column elementor-col-100 elementor-top-column elementor-element elementor-element-a1cd2b0\" data-id=\"a1cd2b0\" data-element_type=\"column\" data-e-type=\"column\">\n\t\t\t<div class=\"elementor-widget-wrap elementor-element-populated\">\n\t\t\t\t\t\t<div class=\"elementor-element elementor-element-88a8c3d elementor-widget-divider--view-line elementor-widget elementor-widget-divider\" data-id=\"88a8c3d\" data-element_type=\"widget\" data-e-type=\"widget\" data-widget_type=\"divider.default\">\n\t\t\t\t<div class=\"elementor-widget-container\">\n\t\t\t\t\t\t\t<div class=\"elementor-divider\">\n\t\t\t<span class=\"elementor-divider-separator\">\n\t\t\t\t\t\t<\/span>\n\t\t<\/div>\n\t\t\t\t\t\t<\/div>\n\t\t\t\t<\/div>\n\t\t\t\t\t<\/div>\n\t\t<\/div>\n\t\t\t\t\t<\/div>\n\t\t<\/section>\n\t\t\t\t<section class=\"elementor-section elementor-top-section elementor-element elementor-element-1d2dae0 elementor-section-boxed elementor-section-height-default elementor-section-height-default\" data-id=\"1d2dae0\" data-element_type=\"section\" data-e-type=\"section\">\n\t\t\t\t\t\t<div class=\"elementor-container elementor-column-gap-default\">\n\t\t\t\t\t<div class=\"elementor-column elementor-col-50 elementor-top-column elementor-element elementor-element-7550dc1\" data-id=\"7550dc1\" data-element_type=\"column\" data-e-type=\"column\">\n\t\t\t<div class=\"elementor-widget-wrap elementor-element-populated\">\n\t\t\t\t\t\t<div class=\"elementor-element elementor-element-55d7b39 elementor-widget elementor-widget-image\" data-id=\"55d7b39\" data-element_type=\"widget\" data-e-type=\"widget\" data-widget_type=\"image.default\">\n\t\t\t\t<div class=\"elementor-widget-container\">\n\t\t\t\t\t\t\t\t\t\t\t\t<figure class=\"wp-caption\">\n\t\t\t\t\t\t\t\t\t\t<img decoding=\"async\" width=\"552\" height=\"366\" src=\"https:\/\/becoolsolutions.be\/be\/wp-content\/uploads\/2022\/03\/1.jpg\" class=\"elementor-animation-hang attachment-medium_large size-medium_large wp-image-1102\" alt=\"Airco mural\" srcset=\"https:\/\/becoolsolutions.be\/be\/wp-content\/uploads\/2022\/03\/1.jpg 552w, https:\/\/becoolsolutions.be\/be\/wp-content\/uploads\/2022\/03\/1-300x199.jpg 300w\" sizes=\"(max-width: 552px) 100vw, 552px\" \/>\t\t\t\t\t\t\t\t\t\t\t<figcaption class=\"widget-image-caption wp-caption-text\">D\u00e9pannage frigoriste<\/figcaption>\n\t\t\t\t\t\t\t\t\t\t<\/figure>\n\t\t\t\t\t\t\t\t\t<\/div>\n\t\t\t\t<\/div>\n\t\t\t\t\t<\/div>\n\t\t<\/div>\n\t\t\t\t<div class=\"elementor-column elementor-col-50 elementor-top-column elementor-element elementor-element-77e1223\" data-id=\"77e1223\" data-element_type=\"column\" data-e-type=\"column\" data-settings=\"{&quot;background_background&quot;:&quot;classic&quot;}\">\n\t\t\t<div class=\"elementor-widget-wrap elementor-element-populated\">\n\t\t\t\t\t\t<div class=\"elementor-element elementor-element-dfb54e5 elementor-widget elementor-widget-text-editor\" data-id=\"dfb54e5\" data-element_type=\"widget\" data-e-type=\"widget\" data-widget_type=\"text-editor.default\">\n\t\t\t\t<div class=\"elementor-widget-container\">\n\t\t\t\t\t\t\t\t\t<p>Be Cool Solutions est une <strong>entreprise de frigoriste agr\u00e9e<\/strong> qui est sp\u00e9cialis\u00e9e dans la <a href=\"https:\/\/becoolsolutions.be\/be\/installation-chambres-froides-comptoirs-frigo\/\"><strong>r\u00e9frig\u00e9ration<\/strong> <\/a>et la <a href=\"https:\/\/becoolsolutions.be\/be\/murale\/\"><strong>climatisation<\/strong><\/a>.<\/p><p>Notre personnel frigoriste agr\u00e9e sur Bruxelles, gr\u00e2ce \u00e0 un diagnostique pointu de vos besoins, vous propose des solutions adapt\u00e9es.<\/p><p>Que ce soit pour une <strong>installation<\/strong>, un <a href=\"https:\/\/becoolsolutions.be\/be\/depannage-chambre-froide-frigo-meuble-frigo-bruxelles\/\"><strong>d\u00e9pannage<\/strong><\/a>, une installation ou un entretien chambre froide ou syst\u00e8me de climatisation airco. Notre personnel frigoriste agr\u00e9e intervient rapidement et vous renseigne au mieux. Tout cela \u00e0 prix comp\u00e9titif.<\/p><p>Be Cool Solutions vous <b><a href=\"https:\/\/becoolsolutions.be\/be\/installation-chambres-froides-comptoirs-frigo\/\">installe<\/a>, <a href=\"https:\/\/becoolsolutions.be\/be\/depannage-chambre-froide-frigo-meuble-frigo-bruxelles\/\">d\u00e9panne<\/a> <\/b>et <b><a href=\"https:\/\/becoolsolutions.be\/be\/entretien-clim-airco-climatisation-belgique\/\">entretien<\/a> <\/b>tous les appareil de r\u00e9frig\u00e9ration: chambre froide, comptoir frigo, meuble r\u00e9frig\u00e9r\u00e9, pompe \u00e0 chaleur, airco, &#8230; <b><br \/><\/b><\/p>\t\t\t\t\t\t\t\t<\/div>\n\t\t\t\t<\/div>\n\t\t\t\t\t<\/div>\n\t\t<\/div>\n\t\t\t\t\t<\/div>\n\t\t<\/section>\n\t\t\t\t<section class=\"elementor-section elementor-top-section elementor-element elementor-element-88d978c elementor-section-full_width elementor-section-height-default elementor-section-height-default\" data-id=\"88d978c\" data-element_type=\"section\" data-e-type=\"section\">\n\t\t\t\t\t\t<div class=\"elementor-container elementor-column-gap-default\">\n\t\t\t\t\t<div class=\"elementor-column elementor-col-100 elementor-top-column elementor-element elementor-element-672d0bd\" data-id=\"672d0bd\" data-element_type=\"column\" data-e-type=\"column\">\n\t\t\t<div class=\"elementor-widget-wrap elementor-element-populated\">\n\t\t\t\t\t\t<div class=\"elementor-element elementor-element-4994b47b elementor-invisible elementor-widget elementor-widget-text-editor\" data-id=\"4994b47b\" data-element_type=\"widget\" data-e-type=\"widget\" data-settings=\"{&quot;_animation&quot;:&quot;fadeInDown&quot;}\" data-widget_type=\"text-editor.default\">\n\t\t\t\t<div class=\"elementor-widget-container\">\n\t\t\t\t\t\t\t\t\t<h2><span style=\"font-size: 16px;\"><span style=\"line-height: 20px;\"><a href=\"https:\/\/becoolsolutions.be\/be\/installation-chambres-froides-comptoirs-frigo\/\">Installation<\/a>,<\/span><span style=\"line-height: 20px;\">\u00a0<a href=\"https:\/\/becoolsolutions.be\/be\/depannage-chambre-froide-frigo-meuble-frigo-bruxelles\/\">D\u00e9pannage<\/a> et <a href=\"https:\/\/becoolsolutions.be\/be\/entretien-clim-airco-climatisation-belgique\/\">Entretien<\/a> de chambre froide, clim, airco, &#8230;<br \/><\/span><\/span><\/h2>\t\t\t\t\t\t\t\t<\/div>\n\t\t\t\t<\/div>\n\t\t\t\t<section class=\"elementor-section elementor-inner-section elementor-element elementor-element-2f1abc67 elementor-reverse-mobile elementor-section-boxed elementor-section-height-default elementor-section-height-default\" data-id=\"2f1abc67\" data-element_type=\"section\" data-e-type=\"section\">\n\t\t\t\t\t\t<div class=\"elementor-container elementor-column-gap-default\">\n\t\t\t\t\t<div class=\"elementor-column elementor-col-50 elementor-inner-column elementor-element elementor-element-2be7faef\" data-id=\"2be7faef\" data-element_type=\"column\" data-e-type=\"column\" data-settings=\"{&quot;background_background&quot;:&quot;classic&quot;}\">\n\t\t\t<div class=\"elementor-widget-wrap elementor-element-populated\">\n\t\t\t\t\t\t<div class=\"elementor-element elementor-element-23cc2763 elementor-widget elementor-widget-text-editor\" data-id=\"23cc2763\" data-element_type=\"widget\" data-e-type=\"widget\" data-widget_type=\"text-editor.default\">\n\t\t\t\t<div class=\"elementor-widget-container\">\n\t\t\t\t\t\t\t\t\t<p>Vous poss\u00e9dez d\u00e9j\u00e0 une installation <strong>frigo<\/strong> ou une <a href=\"https:\/\/becoolsolutions.be\/be\/depannage-clim-climatisation-airco\/\"><strong>clim en panne<\/strong><\/a> ? Notre personnel frigoriste agr\u00e9e vous les remettront en \u00e9tat de fonctionnement.<\/p><p>Nous pouvons aussi vous guider afin de d\u2019optimiser au mieux votre installation chambre froide ou climatisation, airco, pompe \u00e0 chaleur.<\/p><p>Disponibles en froid positif ou n\u00e9gatif, avec diff\u00e9rents volumes, hauteurs et profondeurs, vous trouverez un large choix pour r\u00e9pondre \u00e0 vos besoins.<\/p><p data-wow-delay=\"0.6s\">En effet, nous proposons des solutions adapt\u00e9es \u00e0 chaque activit\u00e9 n\u00e9cessitant ce type de mat\u00e9riel, que soit pour la conservation des aliments ou d&rsquo;autres produits.<\/p><p data-wow-delay=\"0.6s\">Be Cool Solutions est sp\u00e9cialis\u00e9e dans les syst\u00e8mes<strong> chambre froide<\/strong>, le froid commercial et la <strong>climatisation<\/strong> r\u00e9versible <strong>pompe \u00e0 chaleur airco<\/strong>.<\/p><p data-wow-delay=\"0.6s\">Gr\u00e2ce \u00e0 une exp\u00e9rience de 15 ans dans le domaine du froid, Notre personnel frigoriste agr\u00e9e sera apte \u00e0 r\u00e9pondre \u00e0 tous vos besoins.<\/p><p data-wow-delay=\"0.6s\">Nous effectuons toutes sortes d&rsquo;installation,d\u00e9pannage et maintenance chambre froide et climatisation pompe \u00e0 chaleur airco pour professionnels et particuliers.<\/p><p data-wow-delay=\"0.6s\">Notre personnel frigoriste agr\u00e9e se d\u00e9place \u00e0 Bruxelles, Brabant Wallon et Brabant Flamand.<\/p>\t\t\t\t\t\t\t\t<\/div>\n\t\t\t\t<\/div>\n\t\t\t\t\t<\/div>\n\t\t<\/div>\n\t\t\t\t<div class=\"elementor-column elementor-col-50 elementor-inner-column elementor-element elementor-element-1b59ce1b\" data-id=\"1b59ce1b\" data-element_type=\"column\" data-e-type=\"column\">\n\t\t\t<div class=\"elementor-widget-wrap elementor-element-populated\">\n\t\t\t\t\t\t<div class=\"elementor-element elementor-element-ba794ab elementor-widget elementor-widget-image\" data-id=\"ba794ab\" data-element_type=\"widget\" data-e-type=\"widget\" data-widget_type=\"image.default\">\n\t\t\t\t<div class=\"elementor-widget-container\">\n\t\t\t\t\t\t\t\t\t\t\t\t<figure class=\"wp-caption\">\n\t\t\t\t\t\t\t\t\t\t<img decoding=\"async\" width=\"600\" height=\"352\" src=\"https:\/\/becoolsolutions.be\/be\/wp-content\/uploads\/2023\/01\/composants-chambre-froide.webp\" class=\"elementor-animation-hang attachment-medium_large size-medium_large wp-image-2739\" alt=\"composants chambre froide\" srcset=\"https:\/\/becoolsolutions.be\/be\/wp-content\/uploads\/2023\/01\/composants-chambre-froide.webp 600w, https:\/\/becoolsolutions.be\/be\/wp-content\/uploads\/2023\/01\/composants-chambre-froide-300x176.webp 300w\" sizes=\"(max-width: 600px) 100vw, 600px\" \/>\t\t\t\t\t\t\t\t\t\t\t<figcaption class=\"widget-image-caption wp-caption-text\">D\u00e9pannage frigoriste<\/figcaption>\n\t\t\t\t\t\t\t\t\t\t<\/figure>\n\t\t\t\t\t\t\t\t\t<\/div>\n\t\t\t\t<\/div>\n\t\t\t\t\t<\/div>\n\t\t<\/div>\n\t\t\t\t\t<\/div>\n\t\t<\/section>\n\t\t\t\t\t<\/div>\n\t\t<\/div>\n\t\t\t\t\t<\/div>\n\t\t<\/section>\n\t\t\t\t<section class=\"elementor-section elementor-top-section elementor-element elementor-element-eb8ee10 elementor-section-full_width elementor-section-height-default elementor-section-height-default\" data-id=\"eb8ee10\" data-element_type=\"section\" data-e-type=\"section\">\n\t\t\t\t\t\t<div class=\"elementor-container elementor-column-gap-default\">\n\t\t\t\t\t<div class=\"elementor-column elementor-col-100 elementor-top-column elementor-element elementor-element-d3cc09c\" data-id=\"d3cc09c\" data-element_type=\"column\" data-e-type=\"column\">\n\t\t\t<div class=\"elementor-widget-wrap elementor-element-populated\">\n\t\t\t\t\t\t<div class=\"elementor-element elementor-element-05ea343 elementor-widget elementor-widget-text-editor\" data-id=\"05ea343\" data-element_type=\"widget\" data-e-type=\"widget\" data-widget_type=\"text-editor.default\">\n\t\t\t\t<div class=\"elementor-widget-container\">\n\t\t\t\t\t\t\t\t\t<h2>Be cool Solutions est une <strong>entreprise agr\u00e9e<\/strong> par Bruxelles Environnement et l\u2019Agence Wallonne de l\u2019Air et du Climat (AWAC)<\/h2>\t\t\t\t\t\t\t\t<\/div>\n\t\t\t\t<\/div>\n\t\t\t\t\t<\/div>\n\t\t<\/div>\n\t\t\t\t\t<\/div>\n\t\t<\/section>\n\t\t\t\t<section class=\"elementor-section elementor-top-section elementor-element elementor-element-dd16f62 elementor-section-boxed elementor-section-height-default elementor-section-height-default\" data-id=\"dd16f62\" data-element_type=\"section\" data-e-type=\"section\">\n\t\t\t\t\t\t<div class=\"elementor-container elementor-column-gap-default\">\n\t\t\t\t\t<div class=\"elementor-column elementor-col-50 elementor-top-column elementor-element elementor-element-03044d2\" data-id=\"03044d2\" data-element_type=\"column\" data-e-type=\"column\">\n\t\t\t<div class=\"elementor-widget-wrap elementor-element-populated\">\n\t\t\t\t\t\t<div class=\"elementor-element elementor-element-fa73981 e-transform elementor-widget elementor-widget-image\" data-id=\"fa73981\" data-element_type=\"widget\" data-e-type=\"widget\" data-settings=\"{&quot;_transform_scale_effect&quot;:{&quot;unit&quot;:&quot;px&quot;,&quot;size&quot;:0.8,&quot;sizes&quot;:[]},&quot;_transform_scale_effect_tablet&quot;:{&quot;unit&quot;:&quot;px&quot;,&quot;size&quot;:&quot;&quot;,&quot;sizes&quot;:[]},&quot;_transform_scale_effect_mobile&quot;:{&quot;unit&quot;:&quot;px&quot;,&quot;size&quot;:&quot;&quot;,&quot;sizes&quot;:[]}}\" data-widget_type=\"image.default\">\n\t\t\t\t<div class=\"elementor-widget-container\">\n\t\t\t\t\t\t\t\t\t\t\t\t\t\t\t\t<a href=\"https:\/\/environnement.brussels\/\" target=\"_blank\" rel=\"nofollow\">\n\t\t\t\t\t\t\t<img loading=\"lazy\" decoding=\"async\" width=\"300\" height=\"158\" src=\"https:\/\/becoolsolutions.be\/be\/wp-content\/uploads\/2022\/03\/bruxelles-environnement-300x158.jpg\" class=\"attachment-medium size-medium wp-image-378\" alt=\"bruxelles environnement\" srcset=\"https:\/\/becoolsolutions.be\/be\/wp-content\/uploads\/2022\/03\/bruxelles-environnement-300x158.jpg 300w, https:\/\/becoolsolutions.be\/be\/wp-content\/uploads\/2022\/03\/bruxelles-environnement.jpg 600w\" sizes=\"(max-width: 300px) 100vw, 300px\" \/>\t\t\t\t\t\t\t\t<\/a>\n\t\t\t\t\t\t\t\t\t\t\t\t\t\t\t<\/div>\n\t\t\t\t<\/div>\n\t\t\t\t\t<\/div>\n\t\t<\/div>\n\t\t\t\t<div class=\"elementor-column elementor-col-50 elementor-top-column elementor-element elementor-element-9ae08f2\" data-id=\"9ae08f2\" data-element_type=\"column\" data-e-type=\"column\">\n\t\t\t<div class=\"elementor-widget-wrap elementor-element-populated\">\n\t\t\t\t\t\t<div class=\"elementor-element elementor-element-1b9aa7b e-transform elementor-widget elementor-widget-image\" data-id=\"1b9aa7b\" data-element_type=\"widget\" data-e-type=\"widget\" data-settings=\"{&quot;_transform_scale_effect&quot;:{&quot;unit&quot;:&quot;px&quot;,&quot;size&quot;:1,&quot;sizes&quot;:[]},&quot;_transform_scale_effect_tablet&quot;:{&quot;unit&quot;:&quot;px&quot;,&quot;size&quot;:&quot;&quot;,&quot;sizes&quot;:[]},&quot;_transform_scale_effect_mobile&quot;:{&quot;unit&quot;:&quot;px&quot;,&quot;size&quot;:&quot;&quot;,&quot;sizes&quot;:[]}}\" data-widget_type=\"image.default\">\n\t\t\t\t<div class=\"elementor-widget-container\">\n\t\t\t\t\t\t\t\t\t\t\t\t\t\t\t\t<a href=\"http:\/\/environnement.wallonie.be\/\" target=\"_blank\" rel=\"nofollow\">\n\t\t\t\t\t\t\t<img loading=\"lazy\" decoding=\"async\" width=\"300\" height=\"134\" src=\"https:\/\/becoolsolutions.be\/be\/wp-content\/uploads\/2022\/03\/Wallonie-environnement-300x134.png\" class=\"attachment-medium size-medium wp-image-379\" alt=\"Wallonie environnement\" srcset=\"https:\/\/becoolsolutions.be\/be\/wp-content\/uploads\/2022\/03\/Wallonie-environnement-300x134.png 300w, https:\/\/becoolsolutions.be\/be\/wp-content\/uploads\/2022\/03\/Wallonie-environnement.png 336w\" sizes=\"(max-width: 300px) 100vw, 300px\" \/>\t\t\t\t\t\t\t\t<\/a>\n\t\t\t\t\t\t\t\t\t\t\t\t\t\t\t<\/div>\n\t\t\t\t<\/div>\n\t\t\t\t\t<\/div>\n\t\t<\/div>\n\t\t\t\t\t<\/div>\n\t\t<\/section>\n\t\t\t\t<section class=\"elementor-section elementor-top-section elementor-element elementor-element-159449a elementor-section-boxed elementor-section-height-default elementor-section-height-default\" data-id=\"159449a\" data-element_type=\"section\" data-e-type=\"section\">\n\t\t\t\t\t\t<div class=\"elementor-container elementor-column-gap-default\">\n\t\t\t\t\t<div class=\"elementor-column elementor-col-100 elementor-top-column elementor-element elementor-element-a53b7dc\" data-id=\"a53b7dc\" data-element_type=\"column\" data-e-type=\"column\">\n\t\t\t<div class=\"elementor-widget-wrap elementor-element-populated\">\n\t\t\t\t\t\t<div class=\"elementor-element elementor-element-aa873fb elementor-widget elementor-widget-spacer\" data-id=\"aa873fb\" data-element_type=\"widget\" data-e-type=\"widget\" data-widget_type=\"spacer.default\">\n\t\t\t\t<div class=\"elementor-widget-container\">\n\t\t\t\t\t\t\t<div class=\"elementor-spacer\">\n\t\t\t<div class=\"elementor-spacer-inner\"><\/div>\n\t\t<\/div>\n\t\t\t\t\t\t<\/div>\n\t\t\t\t<\/div>\n\t\t\t\t\t<\/div>\n\t\t<\/div>\n\t\t\t\t\t<\/div>\n\t\t<\/section>\n\t\t\t\t<section class=\"elementor-section elementor-top-section elementor-element elementor-element-0295a6e elementor-section-boxed elementor-section-height-default elementor-section-height-default\" data-id=\"0295a6e\" data-element_type=\"section\" data-e-type=\"section\">\n\t\t\t\t\t\t<div class=\"elementor-container elementor-column-gap-default\">\n\t\t\t\t\t<div class=\"elementor-column elementor-col-33 elementor-top-column elementor-element elementor-element-60d966d\" data-id=\"60d966d\" data-element_type=\"column\" data-e-type=\"column\">\n\t\t\t<div class=\"elementor-widget-wrap elementor-element-populated\">\n\t\t\t\t\t\t<div class=\"elementor-element elementor-element-a7d8f71 elementor-invisible elementor-widget elementor-widget-image\" data-id=\"a7d8f71\" data-element_type=\"widget\" data-e-type=\"widget\" data-settings=\"{&quot;_animation&quot;:&quot;fadeInUp&quot;}\" data-widget_type=\"image.default\">\n\t\t\t\t<div class=\"elementor-widget-container\">\n\t\t\t\t\t\t\t\t\t\t\t\t\t\t\t\t<a href=\"https:\/\/becoolsolutions.be\/be\/depannage-chambre-froide-frigo-meuble-frigo-bruxelles\/\">\n\t\t\t\t\t\t\t<img loading=\"lazy\" decoding=\"async\" width=\"300\" height=\"300\" src=\"https:\/\/becoolsolutions.be\/be\/wp-content\/uploads\/2023\/01\/depannage-chambre-froide-300x300.jpg\" class=\"attachment-medium size-medium wp-image-2714\" alt=\"depannage chambre froide\" srcset=\"https:\/\/becoolsolutions.be\/be\/wp-content\/uploads\/2023\/01\/depannage-chambre-froide.jpg 300w, https:\/\/becoolsolutions.be\/be\/wp-content\/uploads\/2023\/01\/depannage-chambre-froide-150x150.jpg 150w\" sizes=\"(max-width: 300px) 100vw, 300px\" \/>\t\t\t\t\t\t\t\t<\/a>\n\t\t\t\t\t\t\t\t\t\t\t\t\t\t\t<\/div>\n\t\t\t\t<\/div>\n\t\t\t\t<div class=\"elementor-element elementor-element-d35e8f5 elementor-align-justify elementor-widget elementor-widget-button\" data-id=\"d35e8f5\" data-element_type=\"widget\" data-e-type=\"widget\" data-widget_type=\"button.default\">\n\t\t\t\t<div class=\"elementor-widget-container\">\n\t\t\t\t\t\t\t\t\t<div class=\"elementor-button-wrapper\">\n\t\t\t\t\t<a class=\"elementor-button elementor-button-link elementor-size-md\" href=\"https:\/\/becoolsolutions.be\/be\/depannage-chambre-froide-frigo-meuble-frigo-bruxelles\/\">\n\t\t\t\t\t\t<span class=\"elementor-button-content-wrapper\">\n\t\t\t\t\t\t\t\t\t<span class=\"elementor-button-text\">DEPANNAGE CHAMBRE FROIDE<\/span>\n\t\t\t\t\t<\/span>\n\t\t\t\t\t<\/a>\n\t\t\t\t<\/div>\n\t\t\t\t\t\t\t\t<\/div>\n\t\t\t\t<\/div>\n\t\t\t\t\t<\/div>\n\t\t<\/div>\n\t\t\t\t<div class=\"elementor-column elementor-col-33 elementor-top-column elementor-element elementor-element-5777bde\" data-id=\"5777bde\" data-element_type=\"column\" data-e-type=\"column\">\n\t\t\t<div class=\"elementor-widget-wrap elementor-element-populated\">\n\t\t\t\t\t\t<div class=\"elementor-element elementor-element-569275c elementor-invisible elementor-widget elementor-widget-image\" data-id=\"569275c\" data-element_type=\"widget\" data-e-type=\"widget\" data-settings=\"{&quot;_animation&quot;:&quot;fadeInUp&quot;}\" data-widget_type=\"image.default\">\n\t\t\t\t<div class=\"elementor-widget-container\">\n\t\t\t\t\t\t\t\t\t\t\t\t\t\t\t\t<a href=\"https:\/\/becoolsolutions.be\/be\/depannage-clim-climatisation-airco\/\">\n\t\t\t\t\t\t\t<img loading=\"lazy\" decoding=\"async\" width=\"300\" height=\"300\" src=\"https:\/\/becoolsolutions.be\/be\/wp-content\/uploads\/2023\/01\/depannage-aico-300x300.jpg\" class=\"attachment-medium size-medium wp-image-2706\" alt=\"depannage chambre froide airco\" srcset=\"https:\/\/becoolsolutions.be\/be\/wp-content\/uploads\/2023\/01\/depannage-aico.jpg 300w, https:\/\/becoolsolutions.be\/be\/wp-content\/uploads\/2023\/01\/depannage-aico-150x150.jpg 150w\" sizes=\"(max-width: 300px) 100vw, 300px\" \/>\t\t\t\t\t\t\t\t<\/a>\n\t\t\t\t\t\t\t\t\t\t\t\t\t\t\t<\/div>\n\t\t\t\t<\/div>\n\t\t\t\t<div class=\"elementor-element elementor-element-e48dfaa elementor-align-justify elementor-widget elementor-widget-button\" data-id=\"e48dfaa\" data-element_type=\"widget\" data-e-type=\"widget\" data-widget_type=\"button.default\">\n\t\t\t\t<div class=\"elementor-widget-container\">\n\t\t\t\t\t\t\t\t\t<div class=\"elementor-button-wrapper\">\n\t\t\t\t\t<a class=\"elementor-button elementor-button-link elementor-size-md\" href=\"https:\/\/becoolsolutions.be\/be\/depannage-clim-climatisation-airco\/\">\n\t\t\t\t\t\t<span class=\"elementor-button-content-wrapper\">\n\t\t\t\t\t\t\t\t\t<span class=\"elementor-button-text\">DEPANNAGE CLIMATISATION<\/span>\n\t\t\t\t\t<\/span>\n\t\t\t\t\t<\/a>\n\t\t\t\t<\/div>\n\t\t\t\t\t\t\t\t<\/div>\n\t\t\t\t<\/div>\n\t\t\t\t\t<\/div>\n\t\t<\/div>\n\t\t\t\t<div class=\"elementor-column elementor-col-33 elementor-top-column elementor-element elementor-element-d5b198d\" data-id=\"d5b198d\" data-element_type=\"column\" data-e-type=\"column\">\n\t\t\t<div class=\"elementor-widget-wrap elementor-element-populated\">\n\t\t\t\t\t\t<div class=\"elementor-element elementor-element-202f5ab elementor-invisible elementor-widget elementor-widget-image\" data-id=\"202f5ab\" data-element_type=\"widget\" data-e-type=\"widget\" data-settings=\"{&quot;_animation&quot;:&quot;fadeInUp&quot;}\" data-widget_type=\"image.default\">\n\t\t\t\t<div class=\"elementor-widget-container\">\n\t\t\t\t\t\t\t\t\t\t\t\t\t\t\t\t<a href=\"https:\/\/becoolsolutions.be\/be\/depannage-chambre-froide-frigo-meuble-frigo-bruxelles\/\">\n\t\t\t\t\t\t\t<img loading=\"lazy\" decoding=\"async\" width=\"300\" height=\"300\" src=\"https:\/\/becoolsolutions.be\/be\/wp-content\/uploads\/2023\/01\/meuble-frigo-300x300.jpg\" class=\"attachment-medium size-medium wp-image-2710\" alt=\"depannage meuble frigo\" srcset=\"https:\/\/becoolsolutions.be\/be\/wp-content\/uploads\/2023\/01\/meuble-frigo.jpg 300w, https:\/\/becoolsolutions.be\/be\/wp-content\/uploads\/2023\/01\/meuble-frigo-150x150.jpg 150w\" sizes=\"(max-width: 300px) 100vw, 300px\" \/>\t\t\t\t\t\t\t\t<\/a>\n\t\t\t\t\t\t\t\t\t\t\t\t\t\t\t<\/div>\n\t\t\t\t<\/div>\n\t\t\t\t<div class=\"elementor-element elementor-element-e05da48 elementor-align-justify elementor-widget elementor-widget-button\" data-id=\"e05da48\" data-element_type=\"widget\" data-e-type=\"widget\" data-widget_type=\"button.default\">\n\t\t\t\t<div class=\"elementor-widget-container\">\n\t\t\t\t\t\t\t\t\t<div class=\"elementor-button-wrapper\">\n\t\t\t\t\t<a class=\"elementor-button elementor-button-link elementor-size-md\" href=\"https:\/\/becoolsolutions.be\/be\/depannage-chambre-froide-frigo-meuble-frigo-bruxelles\/\">\n\t\t\t\t\t\t<span class=\"elementor-button-content-wrapper\">\n\t\t\t\t\t\t\t\t\t<span class=\"elementor-button-text\">DEPANNAGE MEUBLE FRIGO<\/span>\n\t\t\t\t\t<\/span>\n\t\t\t\t\t<\/a>\n\t\t\t\t<\/div>\n\t\t\t\t\t\t\t\t<\/div>\n\t\t\t\t<\/div>\n\t\t\t\t\t<\/div>\n\t\t<\/div>\n\t\t\t\t\t<\/div>\n\t\t<\/section>\n\t\t\t\t<section class=\"elementor-section elementor-top-section elementor-element elementor-element-1d1919a elementor-section-boxed elementor-section-height-default elementor-section-height-default\" data-id=\"1d1919a\" data-element_type=\"section\" data-e-type=\"section\">\n\t\t\t\t\t\t<div class=\"elementor-container elementor-column-gap-default\">\n\t\t\t\t\t<div class=\"elementor-column elementor-col-100 elementor-top-column elementor-element elementor-element-983fd0a\" data-id=\"983fd0a\" data-element_type=\"column\" data-e-type=\"column\">\n\t\t\t<div class=\"elementor-widget-wrap elementor-element-populated\">\n\t\t\t\t\t\t<div class=\"elementor-element elementor-element-d182fab elementor-widget elementor-widget-spacer\" data-id=\"d182fab\" data-element_type=\"widget\" data-e-type=\"widget\" data-widget_type=\"spacer.default\">\n\t\t\t\t<div class=\"elementor-widget-container\">\n\t\t\t\t\t\t\t<div class=\"elementor-spacer\">\n\t\t\t<div class=\"elementor-spacer-inner\"><\/div>\n\t\t<\/div>\n\t\t\t\t\t\t<\/div>\n\t\t\t\t<\/div>\n\t\t\t\t\t<\/div>\n\t\t<\/div>\n\t\t\t\t\t<\/div>\n\t\t<\/section>\n\t\t\t\t<section class=\"elementor-section elementor-top-section elementor-element elementor-element-dc11539 elementor-section-boxed elementor-section-height-default elementor-section-height-default\" data-id=\"dc11539\" data-element_type=\"section\" data-e-type=\"section\">\n\t\t\t\t\t\t<div class=\"elementor-container elementor-column-gap-default\">\n\t\t\t\t\t<div class=\"elementor-column elementor-col-33 elementor-top-column elementor-element elementor-element-132a044\" data-id=\"132a044\" data-element_type=\"column\" data-e-type=\"column\">\n\t\t\t<div class=\"elementor-widget-wrap elementor-element-populated\">\n\t\t\t\t\t\t<div class=\"elementor-element elementor-element-febf25a elementor-invisible elementor-widget elementor-widget-image\" data-id=\"febf25a\" data-element_type=\"widget\" data-e-type=\"widget\" data-settings=\"{&quot;_animation&quot;:&quot;fadeInUp&quot;}\" data-widget_type=\"image.default\">\n\t\t\t\t<div class=\"elementor-widget-container\">\n\t\t\t\t\t\t\t\t\t\t\t\t\t\t\t\t<a href=\"https:\/\/becoolsolutions.be\/be\/entretien-clim-airco-climatisation-belgique\/\">\n\t\t\t\t\t\t\t<img loading=\"lazy\" decoding=\"async\" width=\"300\" height=\"300\" src=\"https:\/\/becoolsolutions.be\/be\/wp-content\/uploads\/2023\/01\/entretien-airco-1-300x300.jpg\" class=\"attachment-medium size-medium wp-image-2719\" alt=\"entretien chambre froide et clim\" srcset=\"https:\/\/becoolsolutions.be\/be\/wp-content\/uploads\/2023\/01\/entretien-airco-1.jpg 300w, https:\/\/becoolsolutions.be\/be\/wp-content\/uploads\/2023\/01\/entretien-airco-1-150x150.jpg 150w\" sizes=\"(max-width: 300px) 100vw, 300px\" \/>\t\t\t\t\t\t\t\t<\/a>\n\t\t\t\t\t\t\t\t\t\t\t\t\t\t\t<\/div>\n\t\t\t\t<\/div>\n\t\t\t\t<div class=\"elementor-element elementor-element-d6a5361 elementor-align-justify elementor-widget elementor-widget-button\" data-id=\"d6a5361\" data-element_type=\"widget\" data-e-type=\"widget\" data-widget_type=\"button.default\">\n\t\t\t\t<div class=\"elementor-widget-container\">\n\t\t\t\t\t\t\t\t\t<div class=\"elementor-button-wrapper\">\n\t\t\t\t\t<a class=\"elementor-button elementor-button-link elementor-size-md\" href=\"https:\/\/becoolsolutions.be\/be\/entretien-clim-airco-climatisation-belgique\/\">\n\t\t\t\t\t\t<span class=\"elementor-button-content-wrapper\">\n\t\t\t\t\t\t\t\t\t<span class=\"elementor-button-text\">ENTRETIEN<\/span>\n\t\t\t\t\t<\/span>\n\t\t\t\t\t<\/a>\n\t\t\t\t<\/div>\n\t\t\t\t\t\t\t\t<\/div>\n\t\t\t\t<\/div>\n\t\t\t\t\t<\/div>\n\t\t<\/div>\n\t\t\t\t<div class=\"elementor-column elementor-col-33 elementor-top-column elementor-element elementor-element-a4bf96f\" data-id=\"a4bf96f\" data-element_type=\"column\" data-e-type=\"column\">\n\t\t\t<div class=\"elementor-widget-wrap elementor-element-populated\">\n\t\t\t\t\t\t<div class=\"elementor-element elementor-element-fd8b274 elementor-invisible elementor-widget elementor-widget-image\" data-id=\"fd8b274\" data-element_type=\"widget\" data-e-type=\"widget\" data-settings=\"{&quot;_animation&quot;:&quot;fadeInUp&quot;}\" data-widget_type=\"image.default\">\n\t\t\t\t<div class=\"elementor-widget-container\">\n\t\t\t\t\t\t\t\t\t\t\t\t\t\t\t\t<a href=\"https:\/\/becoolsolutions.be\/be\/contact\/\">\n\t\t\t\t\t\t\t<img loading=\"lazy\" decoding=\"async\" width=\"300\" height=\"300\" src=\"https:\/\/becoolsolutions.be\/be\/wp-content\/uploads\/2023\/01\/devis-300x300.png\" class=\"attachment-medium size-medium wp-image-2721\" alt=\"devis gratuit chambre froide et clim\" srcset=\"https:\/\/becoolsolutions.be\/be\/wp-content\/uploads\/2023\/01\/devis.png 300w, https:\/\/becoolsolutions.be\/be\/wp-content\/uploads\/2023\/01\/devis-150x150.png 150w\" sizes=\"(max-width: 300px) 100vw, 300px\" \/>\t\t\t\t\t\t\t\t<\/a>\n\t\t\t\t\t\t\t\t\t\t\t\t\t\t\t<\/div>\n\t\t\t\t<\/div>\n\t\t\t\t<div class=\"elementor-element elementor-element-d09cdea elementor-align-justify elementor-widget elementor-widget-button\" data-id=\"d09cdea\" data-element_type=\"widget\" data-e-type=\"widget\" data-widget_type=\"button.default\">\n\t\t\t\t<div class=\"elementor-widget-container\">\n\t\t\t\t\t\t\t\t\t<div class=\"elementor-button-wrapper\">\n\t\t\t\t\t<a class=\"elementor-button elementor-button-link elementor-size-md\" href=\"https:\/\/becoolsolutions.be\/be\/contact\/\">\n\t\t\t\t\t\t<span class=\"elementor-button-content-wrapper\">\n\t\t\t\t\t\t\t\t\t<span class=\"elementor-button-text\">DEVIS<\/span>\n\t\t\t\t\t<\/span>\n\t\t\t\t\t<\/a>\n\t\t\t\t<\/div>\n\t\t\t\t\t\t\t\t<\/div>\n\t\t\t\t<\/div>\n\t\t\t\t\t<\/div>\n\t\t<\/div>\n\t\t\t\t<div class=\"elementor-column elementor-col-33 elementor-top-column elementor-element elementor-element-a52144f\" data-id=\"a52144f\" data-element_type=\"column\" data-e-type=\"column\">\n\t\t\t<div class=\"elementor-widget-wrap elementor-element-populated\">\n\t\t\t\t\t\t<div class=\"elementor-element elementor-element-c738d0b elementor-invisible elementor-widget elementor-widget-image\" data-id=\"c738d0b\" data-element_type=\"widget\" data-e-type=\"widget\" data-settings=\"{&quot;_animation&quot;:&quot;fadeInUp&quot;}\" data-widget_type=\"image.default\">\n\t\t\t\t<div class=\"elementor-widget-container\">\n\t\t\t\t\t\t\t\t\t\t\t\t\t\t\t\t<a href=\"https:\/\/becoolsolutions.be\/be\/contact\/\">\n\t\t\t\t\t\t\t<img loading=\"lazy\" decoding=\"async\" width=\"300\" height=\"300\" src=\"https:\/\/becoolsolutions.be\/be\/wp-content\/uploads\/2023\/01\/contact-300x300.jpg\" class=\"attachment-medium size-medium wp-image-2712\" alt=\"contact entreprise frigoriste\" srcset=\"https:\/\/becoolsolutions.be\/be\/wp-content\/uploads\/2023\/01\/contact.jpg 300w, https:\/\/becoolsolutions.be\/be\/wp-content\/uploads\/2023\/01\/contact-150x150.jpg 150w\" sizes=\"(max-width: 300px) 100vw, 300px\" \/>\t\t\t\t\t\t\t\t<\/a>\n\t\t\t\t\t\t\t\t\t\t\t\t\t\t\t<\/div>\n\t\t\t\t<\/div>\n\t\t\t\t<div class=\"elementor-element elementor-element-4b9dc0c elementor-align-justify elementor-widget elementor-widget-button\" data-id=\"4b9dc0c\" data-element_type=\"widget\" data-e-type=\"widget\" data-widget_type=\"button.default\">\n\t\t\t\t<div class=\"elementor-widget-container\">\n\t\t\t\t\t\t\t\t\t<div class=\"elementor-button-wrapper\">\n\t\t\t\t\t<a class=\"elementor-button elementor-button-link elementor-size-md\" href=\"https:\/\/becoolsolutions.be\/be\/contact\/\">\n\t\t\t\t\t\t<span class=\"elementor-button-content-wrapper\">\n\t\t\t\t\t\t\t\t\t<span class=\"elementor-button-text\">CONTACT<\/span>\n\t\t\t\t\t<\/span>\n\t\t\t\t\t<\/a>\n\t\t\t\t<\/div>\n\t\t\t\t\t\t\t\t<\/div>\n\t\t\t\t<\/div>\n\t\t\t\t\t<\/div>\n\t\t<\/div>\n\t\t\t\t\t<\/div>\n\t\t<\/section>\n\t\t\t\t<section class=\"elementor-section elementor-top-section elementor-element elementor-element-fe1d3ce elementor-section-boxed elementor-section-height-default elementor-section-height-default\" data-id=\"fe1d3ce\" data-element_type=\"section\" data-e-type=\"section\">\n\t\t\t\t\t\t<div class=\"elementor-container elementor-column-gap-default\">\n\t\t\t\t\t<div class=\"elementor-column elementor-col-100 elementor-top-column elementor-element elementor-element-b70c265\" data-id=\"b70c265\" data-element_type=\"column\" data-e-type=\"column\">\n\t\t\t<div class=\"elementor-widget-wrap elementor-element-populated\">\n\t\t\t\t\t\t<div class=\"elementor-element elementor-element-904ec4b elementor-widget elementor-widget-spacer\" data-id=\"904ec4b\" data-element_type=\"widget\" data-e-type=\"widget\" data-widget_type=\"spacer.default\">\n\t\t\t\t<div class=\"elementor-widget-container\">\n\t\t\t\t\t\t\t<div class=\"elementor-spacer\">\n\t\t\t<div class=\"elementor-spacer-inner\"><\/div>\n\t\t<\/div>\n\t\t\t\t\t\t<\/div>\n\t\t\t\t<\/div>\n\t\t\t\t\t<\/div>\n\t\t<\/div>\n\t\t\t\t\t<\/div>\n\t\t<\/section>\n\t\t\t\t<section class=\"elementor-section elementor-top-section elementor-element elementor-element-1617e1d animated-slow elementor-section-boxed elementor-section-height-default elementor-section-height-default elementor-invisible\" data-id=\"1617e1d\" data-element_type=\"section\" data-e-type=\"section\" data-settings=\"{&quot;background_background&quot;:&quot;classic&quot;,&quot;animation&quot;:&quot;bounceInLeft&quot;}\">\n\t\t\t\t\t\t\t<div class=\"elementor-background-overlay\"><\/div>\n\t\t\t\t\t\t\t<div class=\"elementor-container elementor-column-gap-default\">\n\t\t\t\t\t<div class=\"elementor-column elementor-col-100 elementor-top-column elementor-element elementor-element-ed82fc2\" data-id=\"ed82fc2\" data-element_type=\"column\" data-e-type=\"column\">\n\t\t\t<div class=\"elementor-widget-wrap elementor-element-populated\">\n\t\t\t\t\t\t<div class=\"elementor-element elementor-element-cc220a0 elementor-widget elementor-widget-eael-cta-box\" data-id=\"cc220a0\" data-element_type=\"widget\" data-e-type=\"widget\" data-widget_type=\"eael-cta-box.default\">\n\t\t\t\t<div class=\"elementor-widget-container\">\n\t\t\t\t\t\t\t\t\t<div class=\"eael-call-to-action cta-icon-flex bg-lite cta-preset-1\">\n\t    <div class=\"icon\">\n\t\t\t\t\t\t\t<i class=\"fas fa-mail-bulk\"><\/i>\t    <\/div>\n\t    <div class=\"content\">\n            <div class=\"title eael-cta-heading\">Contactez-nous\u200b<\/div><p><span class=\"elementor-alert-description elementor-inline-editing pen\">Vous pouvez nous contacter sur ce formulaire. Nous reviendrons vers vous dans les plus bref d\u00e9lais.\u200b<\/span><\/p>\t    <\/div>\n\t    <div class=\"action\">\n            <a href=\"https:\/\/becoolsolutions.be\/be\/contact\/\" class=\"cta-button cta-preset-1  \">Contact<\/a>\t    <\/div>\n\t<\/div>\n\t\t\t\t\t\t<\/div>\n\t\t\t\t<\/div>\n\t\t\t\t\t<\/div>\n\t\t<\/div>\n\t\t\t\t\t<\/div>\n\t\t<\/section>\n\t\t\t\t<section class=\"elementor-section elementor-top-section elementor-element elementor-element-070aff0 elementor-section-boxed elementor-section-height-default elementor-section-height-default\" data-id=\"070aff0\" data-element_type=\"section\" data-e-type=\"section\">\n\t\t\t\t\t\t<div class=\"elementor-container elementor-column-gap-default\">\n\t\t\t\t\t<div class=\"elementor-column elementor-col-100 elementor-top-column elementor-element elementor-element-1c6c608\" data-id=\"1c6c608\" data-element_type=\"column\" data-e-type=\"column\">\n\t\t\t<div class=\"elementor-widget-wrap elementor-element-populated\">\n\t\t\t\t\t\t<div class=\"elementor-element elementor-element-38d0b32 elementor-widget elementor-widget-spacer\" data-id=\"38d0b32\" data-element_type=\"widget\" data-e-type=\"widget\" data-widget_type=\"spacer.default\">\n\t\t\t\t<div class=\"elementor-widget-container\">\n\t\t\t\t\t\t\t<div class=\"elementor-spacer\">\n\t\t\t<div class=\"elementor-spacer-inner\"><\/div>\n\t\t<\/div>\n\t\t\t\t\t\t<\/div>\n\t\t\t\t<\/div>\n\t\t\t\t\t<\/div>\n\t\t<\/div>\n\t\t\t\t\t<\/div>\n\t\t<\/section>\n\t\t\t\t<section class=\"elementor-section elementor-top-section elementor-element elementor-element-f50f19f elementor-section-boxed elementor-section-height-default elementor-section-height-default\" data-id=\"f50f19f\" data-element_type=\"section\" data-e-type=\"section\">\n\t\t\t\t\t\t<div class=\"elementor-container elementor-column-gap-default\">\n\t\t\t\t\t<div class=\"elementor-column elementor-col-100 elementor-top-column elementor-element elementor-element-bfd43d0\" data-id=\"bfd43d0\" data-element_type=\"column\" data-e-type=\"column\">\n\t\t\t<div class=\"elementor-widget-wrap elementor-element-populated\">\n\t\t\t\t\t\t<div class=\"elementor-element elementor-element-e115e56 elementor-widget elementor-widget-heading\" data-id=\"e115e56\" data-element_type=\"widget\" data-e-type=\"widget\" data-widget_type=\"heading.default\">\n\t\t\t\t<div class=\"elementor-widget-container\">\n\t\t\t\t\t<h3 class=\"elementor-heading-title elementor-size-default\">Qu\u2019est-ce qu\u2019un frigoriste ?<\/h3>\t\t\t\t<\/div>\n\t\t\t\t<\/div>\n\t\t\t\t\t<\/div>\n\t\t<\/div>\n\t\t\t\t\t<\/div>\n\t\t<\/section>\n\t\t\t\t<section class=\"elementor-section elementor-top-section elementor-element elementor-element-4ee4d32 elementor-section-boxed elementor-section-height-default elementor-section-height-default\" data-id=\"4ee4d32\" data-element_type=\"section\" data-e-type=\"section\">\n\t\t\t\t\t\t<div class=\"elementor-container elementor-column-gap-default\">\n\t\t\t\t\t<div class=\"elementor-column elementor-col-100 elementor-top-column elementor-element elementor-element-7696095\" data-id=\"7696095\" data-element_type=\"column\" data-e-type=\"column\">\n\t\t\t<div class=\"elementor-widget-wrap elementor-element-populated\">\n\t\t\t\t\t\t<div class=\"elementor-element elementor-element-d61da84 elementor-widget elementor-widget-text-editor\" data-id=\"d61da84\" data-element_type=\"widget\" data-e-type=\"widget\" data-widget_type=\"text-editor.default\">\n\t\t\t\t<div class=\"elementor-widget-container\">\n\t\t\t\t\t\t\t\t\t<p>Le frigoriste installe, entretient, r\u00e9pare et con\u00e7oit tous types de frigos et de dispositifs r\u00e9frig\u00e9rants et d&rsquo;air conditionn\u00e9. Leur travail est essentiellement centr\u00e9 sur la cha\u00eene du froid. Frigos de particuliers, frigos professionnels, comptoirs, chambre froide, les techniciens frigoriste interviennent sur tous ces appareils et installations. En fonction des besoins du clients, ils sont capables de r\u00e9parer rapidement une panne ou de concevoir une installation compl\u00e8te. Ils sont \u00e9galement capables de travailler sur les syst\u00e8me climatisation.<\/p>\t\t\t\t\t\t\t\t<\/div>\n\t\t\t\t<\/div>\n\t\t\t\t\t<\/div>\n\t\t<\/div>\n\t\t\t\t\t<\/div>\n\t\t<\/section>\n\t\t\t\t<section class=\"elementor-section elementor-top-section elementor-element elementor-element-e62b61d elementor-section-boxed elementor-section-height-default elementor-section-height-default\" data-id=\"e62b61d\" data-element_type=\"section\" data-e-type=\"section\">\n\t\t\t\t\t\t<div class=\"elementor-container elementor-column-gap-default\">\n\t\t\t\t\t<div class=\"elementor-column elementor-col-100 elementor-top-column elementor-element elementor-element-2ff7c05\" data-id=\"2ff7c05\" data-element_type=\"column\" data-e-type=\"column\">\n\t\t\t<div class=\"elementor-widget-wrap elementor-element-populated\">\n\t\t\t\t\t\t<div class=\"elementor-element elementor-element-77aeaec elementor-widget elementor-widget-heading\" data-id=\"77aeaec\" data-element_type=\"widget\" data-e-type=\"widget\" data-widget_type=\"heading.default\">\n\t\t\t\t<div class=\"elementor-widget-container\">\n\t\t\t\t\t<h3 class=\"elementor-heading-title elementor-size-default\">Qu'est-ce qu'une chambre froide ?<\/h3>\t\t\t\t<\/div>\n\t\t\t\t<\/div>\n\t\t\t\t\t<\/div>\n\t\t<\/div>\n\t\t\t\t\t<\/div>\n\t\t<\/section>\n\t\t\t\t<section class=\"elementor-section elementor-top-section elementor-element elementor-element-c31525f elementor-section-boxed elementor-section-height-default elementor-section-height-default\" data-id=\"c31525f\" data-element_type=\"section\" data-e-type=\"section\">\n\t\t\t\t\t\t<div class=\"elementor-container elementor-column-gap-default\">\n\t\t\t\t\t<div class=\"elementor-column elementor-col-100 elementor-top-column elementor-element elementor-element-b334135\" data-id=\"b334135\" data-element_type=\"column\" data-e-type=\"column\">\n\t\t\t<div class=\"elementor-widget-wrap elementor-element-populated\">\n\t\t\t\t\t\t<div class=\"elementor-element elementor-element-d72f3b5 elementor-widget elementor-widget-text-editor\" data-id=\"d72f3b5\" data-element_type=\"widget\" data-e-type=\"widget\" data-widget_type=\"text-editor.default\">\n\t\t\t\t<div class=\"elementor-widget-container\">\n\t\t\t\t\t\t\t\t\t<p>Une installation chambre froide est une pi\u00e8ce qui est utilis\u00e9e pour conserver les<br \/>aliments et les boissons \u00e0 des temp\u00e9ratures tr\u00e8s basses. Il s&rsquo;agit<br \/>g\u00e9n\u00e9ralement d&rsquo;une pi\u00e8ce insonoris\u00e9e et isol\u00e9e thermiquement qui est<br \/>\u00e9quip\u00e9e de portes \u00e9tanches pour emp\u00eacher l&rsquo;air chaud de p\u00e9n\u00e9trer \u00e0<br \/>l&rsquo;int\u00e9rieur. Les installations chambre froide peuvent \u00eatre \u00e9quip\u00e9es de diff\u00e9rents<br \/>types de syst\u00e8mes de refroidissement, comme des unit\u00e9s de<br \/>refroidissement \u00e0 air ou \u00e0 eau, des groupes frigorifiques ou des unit\u00e9s<br \/>de refroidissement par compression. Les aliments et les boissons sont<br \/>g\u00e9n\u00e9ralement stock\u00e9s sur des \u00e9tag\u00e8res ou des clayettes \u00e0 l&rsquo;int\u00e9rieur de<br \/>la chambre froide. Certaines chambres froides peuvent \u00e9galement \u00eatre<br \/>\u00e9quip\u00e9es de rails de suspension pour accrocher les produits.<\/p>\t\t\t\t\t\t\t\t<\/div>\n\t\t\t\t<\/div>\n\t\t\t\t\t<\/div>\n\t\t<\/div>\n\t\t\t\t\t<\/div>\n\t\t<\/section>\n\t\t\t\t<section class=\"elementor-section elementor-top-section elementor-element elementor-element-523b4e2 elementor-section-boxed elementor-section-height-default elementor-section-height-default\" data-id=\"523b4e2\" data-element_type=\"section\" data-e-type=\"section\">\n\t\t\t\t\t\t<div class=\"elementor-container elementor-column-gap-default\">\n\t\t\t\t\t<div class=\"elementor-column elementor-col-100 elementor-top-column elementor-element elementor-element-a6cde7b\" data-id=\"a6cde7b\" data-element_type=\"column\" data-e-type=\"column\">\n\t\t\t<div class=\"elementor-widget-wrap elementor-element-populated\">\n\t\t\t\t\t\t<div class=\"elementor-element elementor-element-14121c4 elementor-widget elementor-widget-heading\" data-id=\"14121c4\" data-element_type=\"widget\" data-e-type=\"widget\" data-widget_type=\"heading.default\">\n\t\t\t\t<div class=\"elementor-widget-container\">\n\t\t\t\t\t<h3 class=\"elementor-heading-title elementor-size-default\">Qu'est-ce qu'un syst\u00e8me de climatisation ?<\/h3>\t\t\t\t<\/div>\n\t\t\t\t<\/div>\n\t\t\t\t\t<\/div>\n\t\t<\/div>\n\t\t\t\t\t<\/div>\n\t\t<\/section>\n\t\t\t\t<section class=\"elementor-section elementor-top-section elementor-element elementor-element-1a27066 elementor-section-boxed elementor-section-height-default elementor-section-height-default\" data-id=\"1a27066\" data-element_type=\"section\" data-e-type=\"section\">\n\t\t\t\t\t\t<div class=\"elementor-container elementor-column-gap-default\">\n\t\t\t\t\t<div class=\"elementor-column elementor-col-100 elementor-top-column elementor-element elementor-element-2749bec\" data-id=\"2749bec\" data-element_type=\"column\" data-e-type=\"column\">\n\t\t\t<div class=\"elementor-widget-wrap elementor-element-populated\">\n\t\t\t\t\t\t<div class=\"elementor-element elementor-element-4a48860 elementor-widget elementor-widget-text-editor\" data-id=\"4a48860\" data-element_type=\"widget\" data-e-type=\"widget\" data-widget_type=\"text-editor.default\">\n\t\t\t\t<div class=\"elementor-widget-container\">\n\t\t\t\t\t\t\t\t\t<p>Un syst\u00e8me de climatisation (AC) ou airco est un appareil utilis\u00e9 pour r\u00e9guler la temp\u00e9rature, l&rsquo;humidit\u00e9 et la qualit\u00e9 de l&rsquo;air dans un espace ferm\u00e9. Il comprend g\u00e9n\u00e9ralement un compresseur, un condenseur, un \u00e9vaporateur. Les climatiseurs peuvent \u00eatre divis\u00e9s en deux types : les syst\u00e8mes de climatisation centrale et les syst\u00e8mes de climatisation individuels.<br \/>Les syst\u00e8mes de climatisation centrale sont utilis\u00e9s pour refroidir des b\u00e2timents entiers et fonctionnent en utilisant des conduits pour distribuer l&rsquo;air refroidi dans tout le b\u00e2timent. Les syst\u00e8mes de climatisation individuels, comme les unit\u00e9s de fen\u00eatre ou les unit\u00e9s murales, refroidissent un seul espace \u00e0 la fois.<br \/>Les climatiseurs peuvent \u00e9galement \u00eatre utilis\u00e9s pour chauffer l&rsquo;air en utilisant un processus de r\u00e9versibilit\u00e9, c&rsquo;est \u00e0 dire qu&rsquo;ils peuvent changer leur cycle de refroidissement en cycle de chauffage.<br \/>Il existe aussi les climatiseurs r\u00e9versibles qui peuvent r\u00e9chauffer et refroidir en m\u00eame temps, cela d\u00e9pend de la temp\u00e9rature ext\u00e9rieure.<\/p>\t\t\t\t\t\t\t\t<\/div>\n\t\t\t\t<\/div>\n\t\t\t\t\t<\/div>\n\t\t<\/div>\n\t\t\t\t\t<\/div>\n\t\t<\/section>\n\t\t\t\t<section class=\"elementor-section elementor-top-section elementor-element elementor-element-55aee30 elementor-section-boxed elementor-section-height-default elementor-section-height-default\" data-id=\"55aee30\" data-element_type=\"section\" data-e-type=\"section\">\n\t\t\t\t\t\t<div class=\"elementor-container elementor-column-gap-default\">\n\t\t\t\t\t<div class=\"elementor-column elementor-col-100 elementor-top-column elementor-element elementor-element-50efdd9\" data-id=\"50efdd9\" data-element_type=\"column\" data-e-type=\"column\">\n\t\t\t<div class=\"elementor-widget-wrap elementor-element-populated\">\n\t\t\t\t\t\t<div class=\"elementor-element elementor-element-34eec31 elementor-widget elementor-widget-heading\" data-id=\"34eec31\" data-element_type=\"widget\" data-e-type=\"widget\" data-widget_type=\"heading.default\">\n\t\t\t\t<div class=\"elementor-widget-container\">\n\t\t\t\t\t<h3 class=\"elementor-heading-title elementor-size-default\">\u00c0 quelle temp\u00e9rature une chambre froide positive doit \u00eatre r\u00e9gl\u00e9e ? <\/h3>\t\t\t\t<\/div>\n\t\t\t\t<\/div>\n\t\t\t\t\t<\/div>\n\t\t<\/div>\n\t\t\t\t\t<\/div>\n\t\t<\/section>\n\t\t\t\t<section class=\"elementor-section elementor-top-section elementor-element elementor-element-8c11899 elementor-section-boxed elementor-section-height-default elementor-section-height-default\" data-id=\"8c11899\" data-element_type=\"section\" data-e-type=\"section\">\n\t\t\t\t\t\t<div class=\"elementor-container elementor-column-gap-default\">\n\t\t\t\t\t<div class=\"elementor-column elementor-col-100 elementor-top-column elementor-element elementor-element-a358de4\" data-id=\"a358de4\" data-element_type=\"column\" data-e-type=\"column\">\n\t\t\t<div class=\"elementor-widget-wrap elementor-element-populated\">\n\t\t\t\t\t\t<div class=\"elementor-element elementor-element-e81cd88 elementor-widget elementor-widget-text-editor\" data-id=\"e81cd88\" data-element_type=\"widget\" data-e-type=\"widget\" data-widget_type=\"text-editor.default\">\n\t\t\t\t<div class=\"elementor-widget-container\">\n\t\t\t\t\t\t\t\t\t<p>On classe les chambres froides en 2 cat\u00e9gories :\u00a0<\/p><ul><li style=\"list-style-type: none;\"><ul><li>Le froid positif gardant une temp\u00e9rature <strong>sup\u00e9rieure \u00e0 0\u00b0C<\/strong>.\u00a0<\/li><li>Le froid n\u00e9gatif conservant lui des produits \u00e0 une temp\u00e9rature <strong>inf\u00e9rieure \u00e0 0\u00b0C<\/strong>.\u00a0<\/li><\/ul><\/li><\/ul><p>Les mati\u00e8res premi\u00e8res et produits finis qui y sont stock\u00e9s doivent \u00eatre contr\u00f4l\u00e9s une \u00e0 deux fois par jour (sauf si la gestion des temp\u00e9ratures est automatique).<\/p><div class=\"notranslate\" style=\"all: initial;\">\u00a0<\/div>\t\t\t\t\t\t\t\t<\/div>\n\t\t\t\t<\/div>\n\t\t\t\t\t<\/div>\n\t\t<\/div>\n\t\t\t\t\t<\/div>\n\t\t<\/section>\n\t\t\t\t<section class=\"elementor-section elementor-top-section elementor-element elementor-element-7ce6133 elementor-section-boxed elementor-section-height-default elementor-section-height-default\" data-id=\"7ce6133\" data-element_type=\"section\" data-e-type=\"section\">\n\t\t\t\t\t\t<div class=\"elementor-container elementor-column-gap-default\">\n\t\t\t\t\t<div class=\"elementor-column elementor-col-100 elementor-top-column elementor-element elementor-element-e6311b7\" data-id=\"e6311b7\" data-element_type=\"column\" data-e-type=\"column\">\n\t\t\t<div class=\"elementor-widget-wrap elementor-element-populated\">\n\t\t\t\t\t\t<div class=\"elementor-element elementor-element-9fbe7d2 elementor-widget elementor-widget-heading\" data-id=\"9fbe7d2\" data-element_type=\"widget\" data-e-type=\"widget\" data-widget_type=\"heading.default\">\n\t\t\t\t<div class=\"elementor-widget-container\">\n\t\t\t\t\t<h3 class=\"elementor-heading-title elementor-size-default\">Comment g\u00e9rer le contr\u00f4le de temp\u00e9rature de plusieurs installations chambre froide ? <\/h3>\t\t\t\t<\/div>\n\t\t\t\t<\/div>\n\t\t\t\t\t<\/div>\n\t\t<\/div>\n\t\t\t\t\t<\/div>\n\t\t<\/section>\n\t\t\t\t<section class=\"elementor-section elementor-top-section elementor-element elementor-element-b132f55 elementor-section-boxed elementor-section-height-default elementor-section-height-default\" data-id=\"b132f55\" data-element_type=\"section\" data-e-type=\"section\">\n\t\t\t\t\t\t<div class=\"elementor-container elementor-column-gap-default\">\n\t\t\t\t\t<div class=\"elementor-column elementor-col-100 elementor-top-column elementor-element elementor-element-d943dc7\" data-id=\"d943dc7\" data-element_type=\"column\" data-e-type=\"column\">\n\t\t\t<div class=\"elementor-widget-wrap elementor-element-populated\">\n\t\t\t\t\t\t<div class=\"elementor-element elementor-element-abaff93 elementor-widget elementor-widget-text-editor\" data-id=\"abaff93\" data-element_type=\"widget\" data-e-type=\"widget\" data-widget_type=\"text-editor.default\">\n\t\t\t\t<div class=\"elementor-widget-container\">\n\t\t\t\t\t\t\t\t\t<p>Pour surveiller diff\u00e9rentes installations chambre froide en m\u00eame temps, pensez \u00e0 installer un dispositif d\u2019enregistrement et de surveillance de temp\u00e9rature centralis\u00e9. Il vous permet ainsi de piloter \u00e0 distance tous les \u00e9quipements de vos syst\u00e8mes chambre froide. De plus, il enregistre l\u2019ensemble des donn\u00e9es en temps r\u00e9el afin que vous puissiez rassembler vos relev\u00e9s.<\/p>\t\t\t\t\t\t\t\t<\/div>\n\t\t\t\t<\/div>\n\t\t\t\t\t<\/div>\n\t\t<\/div>\n\t\t\t\t\t<\/div>\n\t\t<\/section>\n\t\t\t\t<section class=\"elementor-section elementor-top-section elementor-element elementor-element-2a0e1ee elementor-section-boxed elementor-section-height-default elementor-section-height-default\" data-id=\"2a0e1ee\" data-element_type=\"section\" data-e-type=\"section\">\n\t\t\t\t\t\t<div class=\"elementor-container elementor-column-gap-default\">\n\t\t\t\t\t<div class=\"elementor-column elementor-col-100 elementor-top-column elementor-element elementor-element-bd1771f\" data-id=\"bd1771f\" data-element_type=\"column\" data-e-type=\"column\">\n\t\t\t<div class=\"elementor-widget-wrap elementor-element-populated\">\n\t\t\t\t\t\t<div class=\"elementor-element elementor-element-3c08d5a elementor-widget elementor-widget-heading\" data-id=\"3c08d5a\" data-element_type=\"widget\" data-e-type=\"widget\" data-widget_type=\"heading.default\">\n\t\t\t\t<div class=\"elementor-widget-container\">\n\t\t\t\t\t<h3 class=\"elementor-heading-title elementor-size-default\">Quelle diff\u00e9rence entre chambre froide positive et n\u00e9gative\u202f?<\/h3>\t\t\t\t<\/div>\n\t\t\t\t<\/div>\n\t\t\t\t\t<\/div>\n\t\t<\/div>\n\t\t\t\t\t<\/div>\n\t\t<\/section>\n\t\t\t\t<section class=\"elementor-section elementor-top-section elementor-element elementor-element-aa559c9 elementor-section-boxed elementor-section-height-default elementor-section-height-default\" data-id=\"aa559c9\" data-element_type=\"section\" data-e-type=\"section\">\n\t\t\t\t\t\t<div class=\"elementor-container elementor-column-gap-default\">\n\t\t\t\t\t<div class=\"elementor-column elementor-col-100 elementor-top-column elementor-element elementor-element-cdce8f8\" data-id=\"cdce8f8\" data-element_type=\"column\" data-e-type=\"column\">\n\t\t\t<div class=\"elementor-widget-wrap elementor-element-populated\">\n\t\t\t\t\t\t<div class=\"elementor-element elementor-element-24c9849 elementor-widget elementor-widget-text-editor\" data-id=\"24c9849\" data-element_type=\"widget\" data-e-type=\"widget\" data-widget_type=\"text-editor.default\">\n\t\t\t\t<div class=\"elementor-widget-container\">\n\t\t\t\t\t\t\t\t\t<p>La principale diff\u00e9rence entre les installations chambre froide positive et n\u00e9gative r\u00e9side dans la temp\u00e9rature de conservation des produits.\u00a0<\/p><p><strong>Chambre froide n\u00e9gative:<\/strong><\/p><p>Au niveau de la <strong>chambre froide n\u00e9gative<\/strong>, elle poss\u00e8de l\u2019avantage d\u2019anticiper et de restreindre la prolif\u00e9ration de bact\u00e9ries. La temp\u00e9rature de l\u2019air froid expir\u00e9 par le syst\u00e8me se situe g\u00e9n\u00e9ralement entre -18 \u00b0C et -60 \u00b0C (grand froid). Id\u00e9ale pour la <strong>cong\u00e9lation des aliments<\/strong>, cette chambre poss\u00e8de son syst\u00e8me de froid n\u00e9gatif qui permet de solidifier l\u2019eau contenue dans les denr\u00e9es alimentaires. Ce qui \u00e9vite la d\u00e9t\u00e9rioration des cellules des aliments et ainsi, pr\u00e9serve leurs qualit\u00e9s nutritionnelles.\u00a0<\/p><p>Elle est pr\u00e9sente dans de nombreuses cuisines professionnelles du secteur de la restauration, mais \u00e9galement dans les magasins d\u2019alimentation sp\u00e9cialis\u00e9s tels que les boucheries ou les poissonneries. Elle peut par ailleurs \u00eatre utilis\u00e9e par l\u2019industrie agro-alimentaire ainsi que par celle pharmaceutique.<\/p><p><strong>Chambre froide positive:<\/strong><\/p><p>La chambre froide positive est fortement utilis\u00e9e pour la conservation de produits alimentaires frais. En effet, au contraire de la chambre froide n\u00e9gative, on \u00e9vitera d\u2019y conserver des denr\u00e9es alimentaires sur du long terme. Comme le processeur et la puissance de cet espace froid sont compris entre 0 \u00b0C et 15 \u00b0C, elle conviendra plut\u00f4t aux produits tels que les fruits et l\u00e9gumes et les produits laitiers.<\/p><p>On les retrouve g\u00e9n\u00e9ralement dans les cuisines des restaurants, les ateliers de boulangerie, boucherie, traiteur, p\u00e2tisseries, etc. Ainsi que dans les grandes surfaces alimentaires ou encore dans le milieu m\u00e9dical.<\/p>\t\t\t\t\t\t\t\t<\/div>\n\t\t\t\t<\/div>\n\t\t\t\t\t<\/div>\n\t\t<\/div>\n\t\t\t\t\t<\/div>\n\t\t<\/section>\n\t\t\t\t<section class=\"elementor-section elementor-top-section elementor-element elementor-element-d453fda elementor-section-boxed elementor-section-height-default elementor-section-height-default\" data-id=\"d453fda\" data-element_type=\"section\" data-e-type=\"section\">\n\t\t\t\t\t\t<div class=\"elementor-container elementor-column-gap-default\">\n\t\t\t\t\t<div class=\"elementor-column elementor-col-100 elementor-top-column elementor-element elementor-element-7d06270\" data-id=\"7d06270\" data-element_type=\"column\" data-e-type=\"column\">\n\t\t\t<div class=\"elementor-widget-wrap elementor-element-populated\">\n\t\t\t\t\t\t<div class=\"elementor-element elementor-element-7f8f1ea elementor-widget elementor-widget-heading\" data-id=\"7f8f1ea\" data-element_type=\"widget\" data-e-type=\"widget\" data-widget_type=\"heading.default\">\n\t\t\t\t<div class=\"elementor-widget-container\">\n\t\t\t\t\t<h3 class=\"elementor-heading-title elementor-size-default\">Acheter un climatiseur : quel syst\u00e8me convient le mieux ?<\/h3>\t\t\t\t<\/div>\n\t\t\t\t<\/div>\n\t\t\t\t\t<\/div>\n\t\t<\/div>\n\t\t\t\t\t<\/div>\n\t\t<\/section>\n\t\t\t\t<section class=\"elementor-section elementor-top-section elementor-element elementor-element-f41a04b elementor-section-boxed elementor-section-height-default elementor-section-height-default\" data-id=\"f41a04b\" data-element_type=\"section\" data-e-type=\"section\">\n\t\t\t\t\t\t<div class=\"elementor-container elementor-column-gap-default\">\n\t\t\t\t\t<div class=\"elementor-column elementor-col-100 elementor-top-column elementor-element elementor-element-a22b4f8\" data-id=\"a22b4f8\" data-element_type=\"column\" data-e-type=\"column\">\n\t\t\t<div class=\"elementor-widget-wrap elementor-element-populated\">\n\t\t\t\t\t\t<div class=\"elementor-element elementor-element-da29b1c elementor-widget elementor-widget-text-editor\" data-id=\"da29b1c\" data-element_type=\"widget\" data-e-type=\"widget\" data-widget_type=\"text-editor.default\">\n\t\t\t\t<div class=\"elementor-widget-container\">\n\t\t\t\t\t\t\t\t\t<p>Lorsque vous achetez un climatiseur, vous avez le choix entre diff\u00e9rentes options. En effet, vous pouvez choisir un climatiseur mobile ou fixe.<\/p><p>Un <strong>climatiseur mobile<\/strong> est facile \u00e0 d\u00e9placer dans la maison et est \u00e9galement relativement bon march\u00e9. Un climatiseur mobile a certains inconv\u00e9nients, parmi lesquels\u00a0: il consomme souvent beaucoup d&rsquo;\u00e9nergie et n&rsquo;est g\u00e9n\u00e9ralement pas la solution la plus silencieuse. En outre, vous devrez toujours laisser une fen\u00eatre ouverte ou pr\u00e9voir un tuyau de passage pour assurer l&rsquo;\u00e9vacuation vers l&rsquo;ext\u00e9rieur.<\/p><p>Une alternative au climatiseur mobile est un <strong>climatiseur fixe ou split<\/strong>. Comme son nom l&rsquo;indique, ce climatiseur est divis\u00e9 (ou \u00ab\u00a0split\u00a0\u00bb) en deux parties\u00a0: une unit\u00e9 ext\u00e9rieure et une ou plusieurs unit\u00e9s int\u00e9rieures. L&rsquo;avantage principal des climatiseurs fixes ou split est qu&rsquo;ils sont beaucoup plus \u00e9conomes sur le plan \u00e9nerg\u00e9tique et plus silencieux que les climatiseurs mobiles. Un climatiseur split peut \u00e9galement servir \u00e0 chauffer votre maison en hiver. Ce type de climatiseur, \u00e9galement appel\u00e9 <strong>pompe \u00e0 chaleur air-air,<\/strong> peut en effet souffler tant de l&rsquo;air chaud que de l&rsquo;air froid dans votre maison. Il garantit ainsi une temp\u00e9rature parfaite en toute saison.<\/p><p>En fonction de vos besoins, vous pouvez choisir un climatiseur mono split ou multi split. Si vous ne voulez refroidir ou chauffer qu&rsquo;une seule pi\u00e8ce, un syst\u00e8me mono split suffit. Cela signifie que vous connectez une unit\u00e9 int\u00e9rieure \u00e0 une unit\u00e9 ext\u00e9rieure. Toutefois, si vous souhaitez refroidir ou chauffer plusieurs pi\u00e8ces de votre maison, il est pr\u00e9f\u00e9rable d&rsquo;opter pour un climatiseur multi split. Cette configuration connecte plusieurs unit\u00e9s int\u00e9rieures \u00e0 une unit\u00e9 ext\u00e9rieure. Le nombre d&rsquo;unit\u00e9s int\u00e9rieures est cependant limit\u00e9 en fonction de l&rsquo;unit\u00e9 ext\u00e9rieure choisie. Il est donc important de bien y r\u00e9fl\u00e9chir au pr\u00e9alable.<\/p>\t\t\t\t\t\t\t\t<\/div>\n\t\t\t\t<\/div>\n\t\t\t\t\t<\/div>\n\t\t<\/div>\n\t\t\t\t\t<\/div>\n\t\t<\/section>\n\t\t\t\t<section class=\"elementor-section elementor-top-section elementor-element elementor-element-b1fb213 elementor-section-boxed elementor-section-height-default elementor-section-height-default\" data-id=\"b1fb213\" data-element_type=\"section\" data-e-type=\"section\">\n\t\t\t\t\t\t<div class=\"elementor-container elementor-column-gap-default\">\n\t\t\t\t\t<div class=\"elementor-column elementor-col-100 elementor-top-column elementor-element elementor-element-e89d564\" data-id=\"e89d564\" data-element_type=\"column\" data-e-type=\"column\">\n\t\t\t<div class=\"elementor-widget-wrap elementor-element-populated\">\n\t\t\t\t\t\t<div class=\"elementor-element elementor-element-33f1ad4 elementor-widget elementor-widget-heading\" data-id=\"33f1ad4\" data-element_type=\"widget\" data-e-type=\"widget\" data-widget_type=\"heading.default\">\n\t\t\t\t<div class=\"elementor-widget-container\">\n\t\t\t\t\t<h3 class=\"elementor-heading-title elementor-size-default\">Acheter un climatiseur : de quelle capacit\u00e9 de climatisation ai-je besoin ?<\/h3>\t\t\t\t<\/div>\n\t\t\t\t<\/div>\n\t\t\t\t\t<\/div>\n\t\t<\/div>\n\t\t\t\t\t<\/div>\n\t\t<\/section>\n\t\t\t\t<section class=\"elementor-section elementor-top-section elementor-element elementor-element-a7be126 elementor-section-boxed elementor-section-height-default elementor-section-height-default\" data-id=\"a7be126\" data-element_type=\"section\" data-e-type=\"section\">\n\t\t\t\t\t\t<div class=\"elementor-container elementor-column-gap-default\">\n\t\t\t\t\t<div class=\"elementor-column elementor-col-100 elementor-top-column elementor-element elementor-element-7e33c1a\" data-id=\"7e33c1a\" data-element_type=\"column\" data-e-type=\"column\">\n\t\t\t<div class=\"elementor-widget-wrap elementor-element-populated\">\n\t\t\t\t\t\t<div class=\"elementor-element elementor-element-9383443 elementor-widget elementor-widget-text-editor\" data-id=\"9383443\" data-element_type=\"widget\" data-e-type=\"widget\" data-widget_type=\"text-editor.default\">\n\t\t\t\t<div class=\"elementor-widget-container\">\n\t\t\t\t\t\t\t\t\t<p>Apr\u00e8s avoir choisi le type de climatiseur pour votre habitation, vous devez \u00e9galement <strong>consid\u00e9rer sa capacit\u00e9 ou sa puissance<\/strong>. La capacit\u00e9 n\u00e9cessaire d\u00e9pend principalement de <strong>la taille des pi\u00e8ces<\/strong> que vous souhaitez refroidir ou chauffer. <strong>Les caract\u00e9ristiques des chambres<\/strong> s\u00e9lectionn\u00e9es jouent \u00e9galement un r\u00f4le important. Par exemple, vous aurez besoin d&rsquo;un climatiseur plus puissant pour les pi\u00e8ces mal isol\u00e9es ou dot\u00e9es de grandes fen\u00eatres. D&rsquo;une mani\u00e8re g\u00e9n\u00e9rale, vous pouvez vous servir du plan ci-dessous pour le calcul de la capacit\u00e9.<\/p><p><strong>\u00c9tape 1\u00a0<\/strong>: Calculez le volume de la pi\u00e8ce \u00e0 refroidir ou \u00e0 chauffer. Pour ce faire, multipliez la longueur, la largeur et la hauteur (longueur x largeur x hauteur).<\/p><p><strong>\u00c9tape 2<\/strong>\u00a0: Multipliez ensuite le volume de la pi\u00e8ce par 30, 40 ou 50. Utilisez le coefficient 30 pour les pi\u00e8ces bien isol\u00e9es et ayant peu de fen\u00eatres, 40 pour les pi\u00e8ces avec plus de fen\u00eatres et 50 pour les pi\u00e8ces mansard\u00e9es, par exemple, qui sont moins bien isol\u00e9es.<\/p><p>Par exemple, si vous avez une pi\u00e8ce de 60\u00a0m\u00b3 bien isol\u00e9e et avec peu de fen\u00eatres, vous aurez besoin d&rsquo;un climatiseur d&rsquo;une capacit\u00e9 de 2.400\u00a0watts ou 2,4\u00a0kW.<\/p><p>Dans le cas d&rsquo;un climatiseur mono split, votre calcul s&rsquo;arr\u00eate l\u00e0 et il suffit de vous procurer une unit\u00e9 int\u00e9rieure et ext\u00e9rieure de m\u00eame capacit\u00e9.<\/p><p>Dans le cas d&rsquo;un climatiseur multi split, vous devez faire ce calcul pour toutes les pi\u00e8ces que vous souhaitez refroidir ou chauffer, afin de conna\u00eetre la puissance dont vous avez besoin pour chaque unit\u00e9 int\u00e9rieure. Ensuite, additionnez toutes les puissances requises pour obtenir la puissance n\u00e9cessaire \u00e0 l&rsquo;unit\u00e9 ext\u00e9rieure.<\/p>\t\t\t\t\t\t\t\t<\/div>\n\t\t\t\t<\/div>\n\t\t\t\t\t<\/div>\n\t\t<\/div>\n\t\t\t\t\t<\/div>\n\t\t<\/section>\n\t\t\t\t<section class=\"elementor-section elementor-top-section elementor-element elementor-element-6f5c597 elementor-section-boxed elementor-section-height-default elementor-section-height-default\" data-id=\"6f5c597\" data-element_type=\"section\" data-e-type=\"section\">\n\t\t\t\t\t\t<div class=\"elementor-container elementor-column-gap-default\">\n\t\t\t\t\t<div class=\"elementor-column elementor-col-100 elementor-top-column elementor-element elementor-element-1bd11e8\" data-id=\"1bd11e8\" data-element_type=\"column\" data-e-type=\"column\">\n\t\t\t<div class=\"elementor-widget-wrap elementor-element-populated\">\n\t\t\t\t\t\t<div class=\"elementor-element elementor-element-7f6655b elementor-widget elementor-widget-heading\" data-id=\"7f6655b\" data-element_type=\"widget\" data-e-type=\"widget\" data-widget_type=\"heading.default\">\n\t\t\t\t<div class=\"elementor-widget-container\">\n\t\t\t\t\t<h3 class=\"elementor-heading-title elementor-size-default\">Acheter un climatiseur : prix du climatiseur<\/h3>\t\t\t\t<\/div>\n\t\t\t\t<\/div>\n\t\t\t\t\t<\/div>\n\t\t<\/div>\n\t\t\t\t\t<\/div>\n\t\t<\/section>\n\t\t\t\t<section class=\"elementor-section elementor-top-section elementor-element elementor-element-00f85fe elementor-section-boxed elementor-section-height-default elementor-section-height-default\" data-id=\"00f85fe\" data-element_type=\"section\" data-e-type=\"section\">\n\t\t\t\t\t\t<div class=\"elementor-container elementor-column-gap-default\">\n\t\t\t\t\t<div class=\"elementor-column elementor-col-100 elementor-top-column elementor-element elementor-element-11ef845\" data-id=\"11ef845\" data-element_type=\"column\" data-e-type=\"column\">\n\t\t\t<div class=\"elementor-widget-wrap elementor-element-populated\">\n\t\t\t\t\t\t<div class=\"elementor-element elementor-element-a51d0ca elementor-widget elementor-widget-text-editor\" data-id=\"a51d0ca\" data-element_type=\"widget\" data-e-type=\"widget\" data-widget_type=\"text-editor.default\">\n\t\t\t\t<div class=\"elementor-widget-container\">\n\t\t\t\t\t\t\t\t\t<p>Le co\u00fbt exact de votre syst\u00e8me de climatisation d\u00e9pend dans une large mesure de vos besoins et de vos souhaits. Combien de pi\u00e8ces voulez-vous refroidir ? Pr\u00e9f\u00e9rez-vous un climatiseur mobile ou split ? Quelle doit \u00eatre la capacit\u00e9 de votre climatiseur ? N&rsquo;h\u00e9sitez pas \u00e0 contacter nos sp\u00e9cialistes , ils vous fourniront gratuitement une nomenclature adapt\u00e9e \u00e0 vos besoins et se feront un plaisir de vous aider !<\/p>\t\t\t\t\t\t\t\t<\/div>\n\t\t\t\t<\/div>\n\t\t\t\t\t<\/div>\n\t\t<\/div>\n\t\t\t\t\t<\/div>\n\t\t<\/section>\n\t\t\t\t<section class=\"elementor-section elementor-top-section elementor-element elementor-element-8bb791b elementor-section-boxed elementor-section-height-default elementor-section-height-default\" data-id=\"8bb791b\" data-element_type=\"section\" data-e-type=\"section\">\n\t\t\t\t\t\t<div class=\"elementor-container elementor-column-gap-default\">\n\t\t\t\t\t<div class=\"elementor-column elementor-col-100 elementor-top-column elementor-element elementor-element-f0f12d7\" data-id=\"f0f12d7\" data-element_type=\"column\" data-e-type=\"column\">\n\t\t\t<div class=\"elementor-widget-wrap elementor-element-populated\">\n\t\t\t\t\t\t<div class=\"elementor-element elementor-element-b2646d0 elementor-widget elementor-widget-spacer\" data-id=\"b2646d0\" data-element_type=\"widget\" data-e-type=\"widget\" data-widget_type=\"spacer.default\">\n\t\t\t\t<div class=\"elementor-widget-container\">\n\t\t\t\t\t\t\t<div class=\"elementor-spacer\">\n\t\t\t<div class=\"elementor-spacer-inner\"><\/div>\n\t\t<\/div>\n\t\t\t\t\t\t<\/div>\n\t\t\t\t<\/div>\n\t\t\t\t\t<\/div>\n\t\t<\/div>\n\t\t\t\t\t<\/div>\n\t\t<\/section>\n\t\t\t\t<section class=\"elementor-section elementor-top-section elementor-element elementor-element-42b655c3 elementor-section-content-middle elementor-section-height-min-height elementor-section-boxed elementor-section-height-default elementor-section-items-middle\" data-id=\"42b655c3\" data-element_type=\"section\" data-e-type=\"section\" data-settings=\"{&quot;background_background&quot;:&quot;classic&quot;}\">\n\t\t\t\t\t\t\t<div class=\"elementor-background-overlay\"><\/div>\n\t\t\t\t\t\t\t<div class=\"elementor-container elementor-column-gap-default\">\n\t\t\t\t\t<div class=\"elementor-column elementor-col-100 elementor-top-column elementor-element elementor-element-898d92d\" data-id=\"898d92d\" data-element_type=\"column\" data-e-type=\"column\">\n\t\t\t<div class=\"elementor-widget-wrap\">\n\t\t\t\t\t\t\t<\/div>\n\t\t<\/div>\n\t\t\t\t\t<\/div>\n\t\t<\/section>\n\t\t\t\t<section class=\"elementor-section elementor-top-section elementor-element elementor-element-7a03d4e elementor-section-height-min-height elementor-section-boxed elementor-section-height-default elementor-section-items-middle\" data-id=\"7a03d4e\" data-element_type=\"section\" data-e-type=\"section\" data-settings=\"{&quot;background_background&quot;:&quot;classic&quot;}\">\n\t\t\t\t\t\t<div class=\"elementor-container elementor-column-gap-extended\">\n\t\t\t\t\t<div class=\"elementor-column elementor-col-100 elementor-top-column elementor-element elementor-element-4a3a527\" data-id=\"4a3a527\" data-element_type=\"column\" data-e-type=\"column\">\n\t\t\t<div class=\"elementor-widget-wrap elementor-element-populated\">\n\t\t\t\t\t\t<div class=\"elementor-element elementor-element-6bc16bb e-transform elementor-invisible elementor-widget elementor-widget-text-editor\" data-id=\"6bc16bb\" data-element_type=\"widget\" data-e-type=\"widget\" data-settings=\"{&quot;_animation&quot;:&quot;fadeInDown&quot;,&quot;_transform_scale_effect_tablet&quot;:{&quot;unit&quot;:&quot;px&quot;,&quot;size&quot;:0.7,&quot;sizes&quot;:[]},&quot;_transform_scale_effect&quot;:{&quot;unit&quot;:&quot;px&quot;,&quot;size&quot;:&quot;&quot;,&quot;sizes&quot;:[]},&quot;_transform_scale_effect_mobile&quot;:{&quot;unit&quot;:&quot;px&quot;,&quot;size&quot;:&quot;&quot;,&quot;sizes&quot;:[]}}\" data-widget_type=\"text-editor.default\">\n\t\t\t\t<div class=\"elementor-widget-container\">\n\t\t\t\t\t\t\t\t\t<p><span style=\"font-size: 18px;\">Notre soci\u00e9t\u00e9 utilise les plus grandes marques afin de vous offrir du mat\u00e9riel de qualit\u00e9.<\/span><\/p>\t\t\t\t\t\t\t\t<\/div>\n\t\t\t\t<\/div>\n\t\t\t\t\t<\/div>\n\t\t<\/div>\n\t\t\t\t\t<\/div>\n\t\t<\/section>\n\t\t\t\t<section class=\"elementor-section elementor-top-section elementor-element elementor-element-8407acc elementor-section-boxed elementor-section-height-default elementor-section-height-default\" data-id=\"8407acc\" data-element_type=\"section\" data-e-type=\"section\">\n\t\t\t\t\t\t<div class=\"elementor-container elementor-column-gap-default\">\n\t\t\t\t\t<div class=\"elementor-column elementor-col-100 elementor-top-column elementor-element elementor-element-b32b547\" data-id=\"b32b547\" data-element_type=\"column\" data-e-type=\"column\">\n\t\t\t<div class=\"elementor-widget-wrap elementor-element-populated\">\n\t\t\t\t\t\t<div class=\"elementor-element elementor-element-7d2f21f elementor-widget elementor-widget-spacer\" data-id=\"7d2f21f\" data-element_type=\"widget\" data-e-type=\"widget\" data-widget_type=\"spacer.default\">\n\t\t\t\t<div class=\"elementor-widget-container\">\n\t\t\t\t\t\t\t<div class=\"elementor-spacer\">\n\t\t\t<div class=\"elementor-spacer-inner\"><\/div>\n\t\t<\/div>\n\t\t\t\t\t\t<\/div>\n\t\t\t\t<\/div>\n\t\t\t\t\t<\/div>\n\t\t<\/div>\n\t\t\t\t\t<\/div>\n\t\t<\/section>\n\t\t\t\t<section class=\"elementor-section elementor-top-section elementor-element elementor-element-4ae7613a elementor-section-content-middle elementor-section-height-min-height elementor-section-boxed elementor-section-height-default elementor-section-items-middle\" data-id=\"4ae7613a\" data-element_type=\"section\" data-e-type=\"section\" data-settings=\"{&quot;background_background&quot;:&quot;classic&quot;}\">\n\t\t\t\t\t\t<div class=\"elementor-container elementor-column-gap-no\">\n\t\t\t\t\t<div class=\"elementor-column elementor-col-50 elementor-top-column elementor-element elementor-element-1d03c360\" data-id=\"1d03c360\" data-element_type=\"column\" data-e-type=\"column\">\n\t\t\t<div class=\"elementor-widget-wrap elementor-element-populated\">\n\t\t\t\t\t\t<div class=\"elementor-element elementor-element-13be3467 elementor-widget elementor-widget-heading\" data-id=\"13be3467\" data-element_type=\"widget\" data-e-type=\"widget\" data-widget_type=\"heading.default\">\n\t\t\t\t<div class=\"elementor-widget-container\">\n\t\t\t\t\t<p class=\"elementor-heading-title elementor-size-default\">\u00a9 COPYRIGHT BECOOLSOLUTIONS.BE<br>  TOUS DROIT RESERV\u00c9S                 <\/p>\t\t\t\t<\/div>\n\t\t\t\t<\/div>\n\t\t\t\t\t<\/div>\n\t\t<\/div>\n\t\t\t\t<div class=\"elementor-column elementor-col-50 elementor-top-column elementor-element elementor-element-57352c51\" data-id=\"57352c51\" data-element_type=\"column\" data-e-type=\"column\">\n\t\t\t<div class=\"elementor-widget-wrap elementor-element-populated\">\n\t\t\t\t\t\t<section class=\"elementor-section elementor-inner-section elementor-element elementor-element-d5e066c elementor-section-boxed elementor-section-height-default elementor-section-height-default\" data-id=\"d5e066c\" data-element_type=\"section\" data-e-type=\"section\">\n\t\t\t\t\t\t<div class=\"elementor-container elementor-column-gap-default\">\n\t\t\t\t\t<div class=\"elementor-column elementor-col-100 elementor-inner-column elementor-element elementor-element-df4e35f\" data-id=\"df4e35f\" data-element_type=\"column\" data-e-type=\"column\">\n\t\t\t<div class=\"elementor-widget-wrap elementor-element-populated\">\n\t\t\t\t\t\t<div class=\"elementor-element elementor-element-04846d7 elementor-widget elementor-widget-heading\" data-id=\"04846d7\" data-element_type=\"widget\" data-e-type=\"widget\" data-widget_type=\"heading.default\">\n\t\t\t\t<div class=\"elementor-widget-container\">\n\t\t\t\t\t<p class=\"elementor-heading-title elementor-size-default\"><a href=\"https:\/\/becoolsolutions.be\/be\/wp-content\/uploads\/2026\/01\/CGV_BECOOLTECHNICS_2026.pdf\" target=\"_blank\">conditions g\u00e9n\u00e9rales de ventes<\/a><\/p>\t\t\t\t<\/div>\n\t\t\t\t<\/div>\n\t\t\t\t\t<\/div>\n\t\t<\/div>\n\t\t\t\t\t<\/div>\n\t\t<\/section>\n\t\t\t\t\t<\/div>\n\t\t<\/div>\n\t\t\t\t\t<\/div>\n\t\t<\/section>\n\t\t\t\t<\/div>\n\t\t","protected":false},"excerpt":{"rendered":"<p>VOTRE PROFESSIONNEL POUR TOUTES VOS INSTALLATION CHAMBRE FROIDE ET SYST\u00c8ME DE CLIMATISATION POMPE \u00c0 CHALEUR D\u00e9pannage frigoriste Be Cool Solutions est une entreprise de frigoriste agr\u00e9e qui est sp\u00e9cialis\u00e9e dans la r\u00e9frig\u00e9ration et la climatisation. Notre personnel frigoriste agr\u00e9e sur Bruxelles, gr\u00e2ce \u00e0 un diagnostique pointu de vos besoins, vous propose des solutions adapt\u00e9es. Que [&hellip;]<\/p>\n","protected":false},"author":1,"featured_media":0,"parent":0,"menu_order":0,"comment_status":"closed","ping_status":"closed","template":"","meta":{"ocean_post_layout":"full-screen","ocean_both_sidebars_style":"","ocean_both_sidebars_content_width":0,"ocean_both_sidebars_sidebars_width":0,"ocean_sidebar":"0","ocean_second_sidebar":"0","ocean_disable_margins":"enable","ocean_add_body_class":"","ocean_shortcode_before_top_bar":"","ocean_shortcode_after_top_bar":"","ocean_shortcode_before_header":"","ocean_shortcode_after_header":"","ocean_has_shortcode":"","ocean_shortcode_after_title":"","ocean_shortcode_before_footer_widgets":"","ocean_shortcode_after_footer_widgets":"","ocean_shortcode_before_footer_bottom":"","ocean_shortcode_after_footer_bottom":"","ocean_display_top_bar":"off","ocean_display_header":"on","ocean_header_style":"","ocean_center_header_left_menu":"0","ocean_custom_header_template":"0","ocean_custom_logo":0,"ocean_custom_retina_logo":0,"ocean_custom_logo_max_width":0,"ocean_custom_logo_tablet_max_width":0,"ocean_custom_logo_mobile_max_width":0,"ocean_custom_logo_max_height":0,"ocean_custom_logo_tablet_max_height":0,"ocean_custom_logo_mobile_max_height":0,"ocean_header_custom_menu":"6","ocean_menu_typo_font_family":"0","ocean_menu_typo_font_subset":"","ocean_menu_typo_font_size":0,"ocean_menu_typo_font_size_tablet":0,"ocean_menu_typo_font_size_mobile":0,"ocean_menu_typo_font_size_unit":"px","ocean_menu_typo_font_weight":"","ocean_menu_typo_font_weight_tablet":"","ocean_menu_typo_font_weight_mobile":"","ocean_menu_typo_transform":"","ocean_menu_typo_transform_tablet":"","ocean_menu_typo_transform_mobile":"","ocean_menu_typo_line_height":0,"ocean_menu_typo_line_height_tablet":0,"ocean_menu_typo_line_height_mobile":0,"ocean_menu_typo_line_height_unit":"","ocean_menu_typo_spacing":0,"ocean_menu_typo_spacing_tablet":0,"ocean_menu_typo_spacing_mobile":0,"ocean_menu_typo_spacing_unit":"","ocean_menu_link_color":"","ocean_menu_link_color_hover":"","ocean_menu_link_color_active":"","ocean_menu_link_background":"","ocean_menu_link_hover_background":"","ocean_menu_link_active_background":"","ocean_menu_social_links_bg":"","ocean_menu_social_hover_links_bg":"","ocean_menu_social_links_color":"","ocean_menu_social_hover_links_color":"","ocean_disable_title":"on","ocean_disable_heading":"default","ocean_post_title":"","ocean_post_subheading":"","ocean_post_title_style":"","ocean_post_title_background_color":"","ocean_post_title_background":0,"ocean_post_title_bg_image_position":"","ocean_post_title_bg_image_attachment":"","ocean_post_title_bg_image_repeat":"","ocean_post_title_bg_image_size":"","ocean_post_title_height":0,"ocean_post_title_bg_overlay":0.5,"ocean_post_title_bg_overlay_color":"","ocean_disable_breadcrumbs":"default","ocean_breadcrumbs_color":"","ocean_breadcrumbs_separator_color":"","ocean_breadcrumbs_links_color":"","ocean_breadcrumbs_links_hover_color":"","ocean_display_footer_widgets":"off","ocean_display_footer_bottom":"off","ocean_custom_footer_template":"0","iawp_total_views":25575,"footnotes":""},"class_list":["post-2464","page","type-page","status-publish","hentry","entry"],"yoast_head":"<!-- This site is optimized with the Yoast SEO plugin v27.5 - https:\/\/yoast.com\/product\/yoast-seo-wordpress\/ -->\n<title>Entreprise frigoriste agr\u00e9e-Chambre froide-Climatisation-Frigo<\/title>\n<meta name=\"description\" content=\"Frigoriste agr\u00e9e Bruxelles et Brabant - Installation - D\u00e9pannage Chambre froide, Airco, Climatisation, Frigo - Conformit\u00e9 - Prix comp\u00e9titif\" \/>\n<meta name=\"robots\" content=\"index, follow, max-snippet:-1, max-image-preview:large, max-video-preview:-1\" \/>\n<link rel=\"canonical\" href=\"https:\/\/becoolsolutions.be\/be\/\" \/>\n<meta property=\"og:locale\" content=\"fr_FR\" \/>\n<meta property=\"og:type\" content=\"article\" \/>\n<meta property=\"og:title\" content=\"Entreprise frigoriste agr\u00e9e-Chambre froide-Climatisation-Frigo\" \/>\n<meta property=\"og:description\" content=\"Frigoriste agr\u00e9e Bruxelles et Brabant - Installation - D\u00e9pannage Chambre froide, Airco, Climatisation, Frigo - Conformit\u00e9 - Prix comp\u00e9titif\" \/>\n<meta property=\"og:url\" content=\"https:\/\/becoolsolutions.be\/be\/\" \/>\n<meta property=\"og:site_name\" content=\"Be Cool Solutions\" \/>\n<meta property=\"article:modified_time\" content=\"2026-03-29T09:33:54+00:00\" \/>\n<meta property=\"og:image\" content=\"https:\/\/becoolsolutions.be\/be\/wp-content\/uploads\/2026\/03\/climatisation-frigoriste-bruxelles-installation.jpg-e1777129459722.webp\" \/>\n\t<meta property=\"og:image:width\" content=\"1000\" \/>\n\t<meta property=\"og:image:height\" content=\"668\" \/>\n\t<meta property=\"og:image:type\" content=\"image\/webp\" \/>\n<meta name=\"twitter:card\" content=\"summary_large_image\" \/>\n<meta name=\"twitter:label1\" content=\"Dur\u00e9e de lecture estim\u00e9e\" \/>\n\t<meta name=\"twitter:data1\" content=\"5 minutes\" \/>\n<script type=\"application\/ld+json\" class=\"yoast-schema-graph\">{\"@context\":\"https:\\\/\\\/schema.org\",\"@graph\":[{\"@type\":\"WebPage\",\"@id\":\"https:\\\/\\\/becoolsolutions.be\\\/be\\\/\",\"url\":\"https:\\\/\\\/becoolsolutions.be\\\/be\\\/\",\"name\":\"Entreprise frigoriste agr\u00e9e-Chambre froide-Climatisation-Frigo\",\"isPartOf\":{\"@id\":\"https:\\\/\\\/becoolsolutions.be\\\/be\\\/#website\"},\"primaryImageOfPage\":{\"@id\":\"https:\\\/\\\/becoolsolutions.be\\\/be\\\/#primaryimage\"},\"image\":{\"@id\":\"https:\\\/\\\/becoolsolutions.be\\\/be\\\/#primaryimage\"},\"thumbnailUrl\":\"https:\\\/\\\/becoolsolutions.be\\\/be\\\/wp-content\\\/uploads\\\/2026\\\/03\\\/climatisation-frigoriste-bruxelles-installation.jpg.webp\",\"datePublished\":\"2022-10-14T20:49:32+00:00\",\"dateModified\":\"2026-03-29T09:33:54+00:00\",\"description\":\"Frigoriste agr\u00e9e Bruxelles et Brabant - Installation - D\u00e9pannage Chambre froide, Airco, Climatisation, Frigo - Conformit\u00e9 - Prix comp\u00e9titif\",\"breadcrumb\":{\"@id\":\"https:\\\/\\\/becoolsolutions.be\\\/be\\\/#breadcrumb\"},\"inLanguage\":\"fr-FR\",\"potentialAction\":[{\"@type\":\"ReadAction\",\"target\":[\"https:\\\/\\\/becoolsolutions.be\\\/be\\\/\"]}]},{\"@type\":\"ImageObject\",\"inLanguage\":\"fr-FR\",\"@id\":\"https:\\\/\\\/becoolsolutions.be\\\/be\\\/#primaryimage\",\"url\":\"https:\\\/\\\/becoolsolutions.be\\\/be\\\/wp-content\\\/uploads\\\/2026\\\/03\\\/climatisation-frigoriste-bruxelles-installation.jpg-e1777129459722.webp\",\"contentUrl\":\"https:\\\/\\\/becoolsolutions.be\\\/be\\\/wp-content\\\/uploads\\\/2026\\\/03\\\/climatisation-frigoriste-bruxelles-installation.jpg-e1777129459722.webp\",\"width\":1000,\"height\":668,\"caption\":\"Installation climatisation et chambre froide \u00e0 Bruxelles par frigoriste professionnel\"},{\"@type\":\"BreadcrumbList\",\"@id\":\"https:\\\/\\\/becoolsolutions.be\\\/be\\\/#breadcrumb\",\"itemListElement\":[{\"@type\":\"ListItem\",\"position\":1,\"name\":\"Accueil\",\"item\":\"https:\\\/\\\/becoolsolutions.be\\\/be\\\/\"},{\"@type\":\"ListItem\",\"position\":2,\"name\":\"Entreprise frigoriste agr\u00e9e-Chambre froide-Climatisation-Frigo\"}]},{\"@type\":\"WebSite\",\"@id\":\"https:\\\/\\\/becoolsolutions.be\\\/be\\\/#website\",\"url\":\"https:\\\/\\\/becoolsolutions.be\\\/be\\\/\",\"name\":\"Be Cool Solutions\",\"description\":\"Frigoriste agr\u00e9e, d\u00e9pannage installation chambre froide et aircondionn\u00e9\",\"publisher\":{\"@id\":\"https:\\\/\\\/becoolsolutions.be\\\/be\\\/#organization\"},\"potentialAction\":[{\"@type\":\"SearchAction\",\"target\":{\"@type\":\"EntryPoint\",\"urlTemplate\":\"https:\\\/\\\/becoolsolutions.be\\\/be\\\/?s={search_term_string}\"},\"query-input\":{\"@type\":\"PropertyValueSpecification\",\"valueRequired\":true,\"valueName\":\"search_term_string\"}}],\"inLanguage\":\"fr-FR\"},{\"@type\":\"Organization\",\"@id\":\"https:\\\/\\\/becoolsolutions.be\\\/be\\\/#organization\",\"name\":\"Be Cool Solutions\",\"url\":\"https:\\\/\\\/becoolsolutions.be\\\/be\\\/\",\"logo\":{\"@type\":\"ImageObject\",\"inLanguage\":\"fr-FR\",\"@id\":\"https:\\\/\\\/becoolsolutions.be\\\/be\\\/#\\\/schema\\\/logo\\\/image\\\/\",\"url\":\"https:\\\/\\\/becoolsolutions.be\\\/be\\\/wp-content\\\/uploads\\\/2026\\\/04\\\/cropped-Logo_BeCooSolutions_web.webp\",\"contentUrl\":\"https:\\\/\\\/becoolsolutions.be\\\/be\\\/wp-content\\\/uploads\\\/2026\\\/04\\\/cropped-Logo_BeCooSolutions_web.webp\",\"width\":450,\"height\":100,\"caption\":\"Be Cool Solutions\"},\"image\":{\"@id\":\"https:\\\/\\\/becoolsolutions.be\\\/be\\\/#\\\/schema\\\/logo\\\/image\\\/\"}}]}<\/script>\n<!-- \/ Yoast SEO plugin. -->","yoast_head_json":{"title":"Entreprise frigoriste agr\u00e9e-Chambre froide-Climatisation-Frigo","description":"Frigoriste agr\u00e9e Bruxelles et Brabant - Installation - D\u00e9pannage Chambre froide, Airco, Climatisation, Frigo - Conformit\u00e9 - Prix comp\u00e9titif","robots":{"index":"index","follow":"follow","max-snippet":"max-snippet:-1","max-image-preview":"max-image-preview:large","max-video-preview":"max-video-preview:-1"},"canonical":"https:\/\/becoolsolutions.be\/be\/","og_locale":"fr_FR","og_type":"article","og_title":"Entreprise frigoriste agr\u00e9e-Chambre froide-Climatisation-Frigo","og_description":"Frigoriste agr\u00e9e Bruxelles et Brabant - Installation - D\u00e9pannage Chambre froide, Airco, Climatisation, Frigo - Conformit\u00e9 - Prix comp\u00e9titif","og_url":"https:\/\/becoolsolutions.be\/be\/","og_site_name":"Be Cool Solutions","article_modified_time":"2026-03-29T09:33:54+00:00","og_image":[{"width":1000,"height":668,"url":"https:\/\/becoolsolutions.be\/be\/wp-content\/uploads\/2026\/03\/climatisation-frigoriste-bruxelles-installation.jpg-e1777129459722.webp","type":"image\/webp"}],"twitter_card":"summary_large_image","twitter_misc":{"Dur\u00e9e de lecture estim\u00e9e":"5 minutes"},"schema":{"@context":"https:\/\/schema.org","@graph":[{"@type":"WebPage","@id":"https:\/\/becoolsolutions.be\/be\/","url":"https:\/\/becoolsolutions.be\/be\/","name":"Entreprise frigoriste agr\u00e9e-Chambre froide-Climatisation-Frigo","isPartOf":{"@id":"https:\/\/becoolsolutions.be\/be\/#website"},"primaryImageOfPage":{"@id":"https:\/\/becoolsolutions.be\/be\/#primaryimage"},"image":{"@id":"https:\/\/becoolsolutions.be\/be\/#primaryimage"},"thumbnailUrl":"https:\/\/becoolsolutions.be\/be\/wp-content\/uploads\/2026\/03\/climatisation-frigoriste-bruxelles-installation.jpg.webp","datePublished":"2022-10-14T20:49:32+00:00","dateModified":"2026-03-29T09:33:54+00:00","description":"Frigoriste agr\u00e9e Bruxelles et Brabant - Installation - D\u00e9pannage Chambre froide, Airco, Climatisation, Frigo - Conformit\u00e9 - Prix comp\u00e9titif","breadcrumb":{"@id":"https:\/\/becoolsolutions.be\/be\/#breadcrumb"},"inLanguage":"fr-FR","potentialAction":[{"@type":"ReadAction","target":["https:\/\/becoolsolutions.be\/be\/"]}]},{"@type":"ImageObject","inLanguage":"fr-FR","@id":"https:\/\/becoolsolutions.be\/be\/#primaryimage","url":"https:\/\/becoolsolutions.be\/be\/wp-content\/uploads\/2026\/03\/climatisation-frigoriste-bruxelles-installation.jpg-e1777129459722.webp","contentUrl":"https:\/\/becoolsolutions.be\/be\/wp-content\/uploads\/2026\/03\/climatisation-frigoriste-bruxelles-installation.jpg-e1777129459722.webp","width":1000,"height":668,"caption":"Installation climatisation et chambre froide \u00e0 Bruxelles par frigoriste professionnel"},{"@type":"BreadcrumbList","@id":"https:\/\/becoolsolutions.be\/be\/#breadcrumb","itemListElement":[{"@type":"ListItem","position":1,"name":"Accueil","item":"https:\/\/becoolsolutions.be\/be\/"},{"@type":"ListItem","position":2,"name":"Entreprise frigoriste agr\u00e9e-Chambre froide-Climatisation-Frigo"}]},{"@type":"WebSite","@id":"https:\/\/becoolsolutions.be\/be\/#website","url":"https:\/\/becoolsolutions.be\/be\/","name":"Be Cool Solutions","description":"Frigoriste agr\u00e9e, d\u00e9pannage installation chambre froide et aircondionn\u00e9","publisher":{"@id":"https:\/\/becoolsolutions.be\/be\/#organization"},"potentialAction":[{"@type":"SearchAction","target":{"@type":"EntryPoint","urlTemplate":"https:\/\/becoolsolutions.be\/be\/?s={search_term_string}"},"query-input":{"@type":"PropertyValueSpecification","valueRequired":true,"valueName":"search_term_string"}}],"inLanguage":"fr-FR"},{"@type":"Organization","@id":"https:\/\/becoolsolutions.be\/be\/#organization","name":"Be Cool Solutions","url":"https:\/\/becoolsolutions.be\/be\/","logo":{"@type":"ImageObject","inLanguage":"fr-FR","@id":"https:\/\/becoolsolutions.be\/be\/#\/schema\/logo\/image\/","url":"https:\/\/becoolsolutions.be\/be\/wp-content\/uploads\/2026\/04\/cropped-Logo_BeCooSolutions_web.webp","contentUrl":"https:\/\/becoolsolutions.be\/be\/wp-content\/uploads\/2026\/04\/cropped-Logo_BeCooSolutions_web.webp","width":450,"height":100,"caption":"Be Cool Solutions"},"image":{"@id":"https:\/\/becoolsolutions.be\/be\/#\/schema\/logo\/image\/"}}]}},"_links":{"self":[{"href":"https:\/\/becoolsolutions.be\/be\/wp-json\/wp\/v2\/pages\/2464","targetHints":{"allow":["GET"]}}],"collection":[{"href":"https:\/\/becoolsolutions.be\/be\/wp-json\/wp\/v2\/pages"}],"about":[{"href":"https:\/\/becoolsolutions.be\/be\/wp-json\/wp\/v2\/types\/page"}],"author":[{"embeddable":true,"href":"https:\/\/becoolsolutions.be\/be\/wp-json\/wp\/v2\/users\/1"}],"replies":[{"embeddable":true,"href":"https:\/\/becoolsolutions.be\/be\/wp-json\/wp\/v2\/comments?post=2464"}],"version-history":[{"count":7,"href":"https:\/\/becoolsolutions.be\/be\/wp-json\/wp\/v2\/pages\/2464\/revisions"}],"predecessor-version":[{"id":3564,"href":"https:\/\/becoolsolutions.be\/be\/wp-json\/wp\/v2\/pages\/2464\/revisions\/3564"}],"wp:attachment":[{"href":"https:\/\/becoolsolutions.be\/be\/wp-json\/wp\/v2\/media?parent=2464"}],"curies":[{"name":"wp","href":"https:\/\/api.w.org\/{rel}","templated":true}]}}